{"id":3613,"date":"2026-08-13T16:09:14","date_gmt":"2026-08-13T14:09:14","guid":{"rendered":"https:\/\/buurtinfoquartier.be\/?post_type=tribe_events&#038;p=3613"},"modified":"2026-08-17T12:14:00","modified_gmt":"2026-08-17T10:14:00","slug":"festival-de-la-memoire-du-quartier-nord-botanique","status":"publish","type":"tribe_events","link":"https:\/\/buurtinfoquartier.be\/nl\/agenda\/festival-de-la-memoire-du-quartier-nord-botanique\/","title":{"rendered":"Festival de la M\u00e9moire du Quartier Nord\/Botanique"},"content":{"rendered":"<div  class=\"tribe-events-schedule tribe-clearfix\" >\n\t<p class=\"tribe-events-schedule__datetime\">\n\t\t<span class=\"tribe-events-schedule__date tribe-events-schedule__date--start\">\n\t\t\tsep 2026\t\t<\/span>\n\n\t\t\t\t\t<span class=\"tribe-events-schedule__separator tribe-events-schedule__separator--date\">\n\t\t\t\t @ \t\t\t<\/span>\n\t\t\t<span class=\"tribe-events-schedule__time tribe-events-schedule__time--start\">\n\t\t\t\t12:00\t\t\t<\/span>\n\t\t\n\t\t\t\t\t\t\t\t\t<span class=\"tribe-events-schedule__separator tribe-events-schedule__separator--time\">\n\t\t\t\t\t &#8211; \t\t\t\t<\/span>\n\t\t\t\n\t\t\t\t\t\t\t<span class=\"tribe-events-schedule__time tribe-events-schedule__time--end\">\n\t\t\t\t\t18:00\t\t\t\t<\/span>\n\t\t\t\n\t\t\t\t\t\t<\/p>\n<\/div>\n\n\n\n<h3 class=\"wp-block-heading\">Festival M\u00e9moire du Quartier \u2013 Nord\/Botanique<\/h3>\n\n\n\n<p class=\"wp-block-paragraph\">Apr\u00e8s plusieurs mois de cr\u00e9ation collective, le projet <strong>M\u00e9moire du Quartier<\/strong> vous invite \u00e0 d\u00e9couvrir les histoires populaires et les m\u00e9moires du quartier Nord\/Botanique.<\/p>\n\n\n\n<p class=\"wp-block-paragraph\">Au programme : <strong>balade sonore co-cr\u00e9\u00e9e avec des habitant\u00b7es<\/strong>, exposition photo et projection d\u2019un <strong>documentaire r\u00e9alis\u00e9 collectivement<\/strong>.<\/p>\n\n\n\n<p class=\"wp-block-paragraph\"><\/p>\n\n\n\n<p class=\"wp-block-paragraph\">Quand ? <strong>Samedi 5 septembre 2026 | 12h\u201318h<\/strong><br>O\u00f9? <strong>\u00c9cole Saint-Fran\u00e7ois, rue Saint-Fran\u00e7ois 19, Saint-Josse<\/strong><\/p>\n\n\n\n<p class=\"wp-block-paragraph\"><\/p>\n\n\n\n<p class=\"wp-block-paragraph\"><strong><strong>12h<\/strong> : <\/strong>Accueil &amp; buffet <br><strong>12h \u2013 18h<\/strong> : Exposition de photos d&#8217;archives<br><strong>12h30 et 13h30<\/strong> : Balade sonore (2 d\u00e9parts diff\u00e9rents)<br><strong>15h30<\/strong> : Projection du documentaire &#8211; d\u00e9couvrez un teaser du documentaire <a href=\"https:\/\/www.youtube.com\/watch?v=hT3iIFQiVpk\" target=\"_blank\" rel=\"noreferrer noopener\">via ce lien<\/a><\/p>\n\n\n\n<p class=\"wp-block-paragraph\"><\/p>\n\n\n\n<p class=\"wp-block-paragraph\">Un moment convivial pour d\u00e9couvrir le quartier \u00e0 travers les voix, les souvenirs et les r\u00e9cits de celles et ceux qui l\u2019ont v\u00e9cu et le font vivre!<\/p>\n\n\n\n<p class=\"wp-block-paragraph\"><\/p>\n\n\n\n<p class=\"wp-block-paragraph\"><strong>Entr\u00e9e libre \u2013 tout le monde est bienvenu !<\/strong><\/p>\n\n\n<div  class=\"tribe-block tribe-block__event-price\" >\n\t\t\t<span class=\"tribe-block__event-price__cost\"> Gratuit <\/span>\n\t\t<\/div>\n\n\n<div  class=\"tribe-block tribe-block__organizer__details tribe-clearfix\" >\n\t<div class=\"tribe-block__organizer__title\">\n\t\t<h3><a href=\"https:\/\/buurtinfoquartier.be\/organisator\/pcs-botanique-saint-josse\/\" title=\"PCS Botanique\/Saint-Josse\" target=\"_self\" rel=\"\">PCS Botanique\/Saint-Josse<\/a><\/h3>\n\t<\/div>\n\t\t\t<\/div>\n\n\n<div  class=\"tribe-block tribe-block__venue tribe-clearfix\" >\n\t\n\t\t\n\t<\/div>\n\n\n\n\n\t<div  class=\"tribe-block tribe-block__events-link\" >\n\t\t<div class=\"tribe-events tribe-common\">\n\t\t\t<div class=\"tribe-events-c-subscribe-dropdown__container\">\n\t\t\t\t<div class=\"tribe-events-c-subscribe-dropdown\">\n\t\t\t\t\t<div class=\"tribe-common-c-btn-border tribe-events-c-subscribe-dropdown__button\">\n\t\t\t\t\t\t<svg\n\t class=\"tribe-common-c-svgicon tribe-common-c-svgicon--cal-export tribe-events-c-subscribe-dropdown__export-icon\" \taria-hidden=\"true\"\n\tviewBox=\"0 0 23 17\"\n\txmlns=\"http:\/\/www.w3.org\/2000\/svg\"\n>\n\t<path fill-rule=\"evenodd\" clip-rule=\"evenodd\" d=\"M.128.896V16.13c0 .211.145.383.323.383h15.354c.179 0 .323-.172.323-.383V.896c0-.212-.144-.383-.323-.383H.451C.273.513.128.684.128.896Zm16 6.742h-.901V4.679H1.009v10.729h14.218v-3.336h.901V7.638ZM1.01 1.614h14.218v2.058H1.009V1.614Z\" \/>\n\t<path d=\"M20.5 9.846H8.312M18.524 6.953l2.89 2.909-2.855 2.855\" stroke-width=\"1.2\" stroke-linecap=\"round\" stroke-linejoin=\"round\"\/>\n<\/svg>\n\t\t\t\t\t\t<button\n\t\t\t\t\t\t\tclass=\"tribe-events-c-subscribe-dropdown__button-text\"\n\t\t\t\t\t\t\taria-expanded=\"false\"\n\t\t\t\t\t\t\taria-controls=\"tribe-events-subscribe-dropdown-content\"\n\t\t\t\t\t\t\taria-label=\"Links weergeven om evenementen aan je kalender toe te voegen\"\n\t\t\t\t\t\t>\n\t\t\t\t\t\t\tToevoegen aan kalender\t\t\t\t\t\t<\/button>\n\t\t\t\t\t\t<svg\n\t class=\"tribe-common-c-svgicon tribe-common-c-svgicon--caret-down tribe-events-c-subscribe-dropdown__button-icon\" \taria-hidden=\"true\"\n\tviewBox=\"0 0 10 7\"\n\txmlns=\"http:\/\/www.w3.org\/2000\/svg\"\n>\n\t<path fill-rule=\"evenodd\" clip-rule=\"evenodd\" d=\"M1.008.609L5 4.6 8.992.61l.958.958L5 6.517.05 1.566l.958-.958z\" class=\"tribe-common-c-svgicon__svg-fill\"\/>\n<\/svg>\n\t\t\t\t\t<\/div>\n\t\t\t\t\t<div id=\"tribe-events-subscribe-dropdown-content\" class=\"tribe-events-c-subscribe-dropdown__content\">\n\t\t\t\t\t\t<ul class=\"tribe-events-c-subscribe-dropdown__list\">\n\t\t\t\t\t\t\t\t\t\t\t\t\t\t\t<li class=\"tribe-events-c-subscribe-dropdown__list-item tribe-events-c-subscribe-dropdown__list-item--gcal\">\n\t\t\t\t\t\t\t\t\t<a\n\t\t\t\t\t\t\t\t\t\thref=\"https:\/\/www.google.com\/calendar\/event?action=TEMPLATE&#038;dates=20260905T120000\/20260905T180000&#038;text=Festival%20de%20la%20M%C3%A9moire%20du%20Quartier%20Nord%2FBotanique&#038;details=%3Ch3+class%3D%22wp-block-heading%22%3EFestival+M%C3%A9moire+du+Quartier+%E2%80%93+Nord%2FBotanique%3C%2Fh3%3E%3Cp%3EApr%C3%A8s+plusieurs+mois+de+cr%C3%A9ation+collective%2C+le+projet+%3Cstrong%3EM%C3%A9moire+du+Quartier%3C%2Fstrong%3E+vous+invite+%C3%A0+d%C3%A9couvrir+les+histoires+populaires+et+les+m%C3%A9moires+du+quartier+Nord%2FBotanique.%3C%2Fp%3E+%3Cp%3EAu+programme+%3A+%3Cstrong%3Ebalade+sonore+co-cr%C3%A9%C3%A9e+avec+des+habitant%C2%B7es%3C%2Fstrong%3E%2C+exposition+photo+et+projection+d%E2%80%99un+%3Cstrong%3Edocumentaire+r%C3%A9alis%C3%A9+collectivement%3C%2Fstrong%3E.%3C%2Fp%3E+%3Cp%3E%3C%2Fp%3E+%3Cp%3EQuand+%3F+%3Cstrong%3ESamedi+5+septembre+2026+%7C+12h%E2%80%9318h%3C%2Fstrong%3E%3Cbr+%2F%3EO%C3%B9%3F+%3Cstrong%3E%C3%89cole+Saint-Fran%C3%A7ois%2C+rue+Saint-Fran%C3%A7ois+19%2C+Saint-Josse%3C%2Fstrong%3E%3C%2Fp%3E+%3Cp%3E%3C%2Fp%3E+%3Cp%3E%3Cstrong%3E%3C%2Fstrong%3E%3Cstrong%3E12h%3C%2Fstrong%3E+%3A+Accueil+%26amp%3B+buffet+%3Cbr+%2F%3E%3Cstrong%3E12h+%E2%80%93+18h%3C%2Fstrong%3E+%3A+Exposition+de+photos+d%27archives%3Cbr+%2F%3E%3Cstrong%3E12h30+et+13h30%3C%2Fstrong%3E+%3A+Balade+sonore+%282+d%C3%A9parts+diff%C3%A9rents%29%3Cbr+%2F%3E%3Cstrong%3E15h30%3C%2Fstrong%3E+%3A+Projection+du+documentaire+-+d%C3%A9couvrez+un+teaser+du+documentaire+%3Ca+href%3D%22https%3A%2F%2Fwww.youtube.com%2Fwatch%3C%2Fp%3E+%28Bekijk+de+volledige+evenement+beschrijving+hier%3A+https%3A%2F%2Fbuurtinfoquartier.be%2Fnl%2Fagenda%2Ffestival-de-la-memoire-du-quartier-nord-botanique%2F%29&#038;trp=false&#038;ctz=Europe\/Brussels&#038;sprop=website:https:\/\/buurtinfoquartier.be\/nl\/\"\n\t\t\t\t\t\t\t\t\t\tclass=\"tribe-events-c-subscribe-dropdown__list-item-link\"\n\t\t\t\t\t\t\t\t\t\ttarget=\"_blank\"\n\t\t\t\t\t\t\t\t\t\trel=\"noopener noreferrer nofollow noindex\"\n\t\t\t\t\t\t\t\t\t>\n\t\t\t\t\t\t\t\t\t\tGoogle Calendar\t\t\t\t\t\t\t\t\t<\/a>\n\t\t\t\t\t\t\t\t<\/li>\n\t\t\t\t\t\t\t\t\t\t\t\t\t\t\t<li class=\"tribe-events-c-subscribe-dropdown__list-item tribe-events-c-subscribe-dropdown__list-item--ical\">\n\t\t\t\t\t\t\t\t\t<a\n\t\t\t\t\t\t\t\t\t\thref=\"\"\n\t\t\t\t\t\t\t\t\t\tclass=\"tribe-events-c-subscribe-dropdown__list-item-link\"\n\t\t\t\t\t\t\t\t\t\ttarget=\"_blank\"\n\t\t\t\t\t\t\t\t\t\trel=\"noopener noreferrer nofollow noindex\"\n\t\t\t\t\t\t\t\t\t>\n\t\t\t\t\t\t\t\t\t\tiCalendar\t\t\t\t\t\t\t\t\t<\/a>\n\t\t\t\t\t\t\t\t<\/li>\n\t\t\t\t\t\t\t\t\t\t\t\t\t\t\t<li class=\"tribe-events-c-subscribe-dropdown__list-item tribe-events-c-subscribe-dropdown__list-item--outlook-365\">\n\t\t\t\t\t\t\t\t\t<a\n\t\t\t\t\t\t\t\t\t\thref=\"\"\n\t\t\t\t\t\t\t\t\t\tclass=\"tribe-events-c-subscribe-dropdown__list-item-link\"\n\t\t\t\t\t\t\t\t\t\ttarget=\"_blank\"\n\t\t\t\t\t\t\t\t\t\trel=\"noopener noreferrer nofollow noindex\"\n\t\t\t\t\t\t\t\t\t>\n\t\t\t\t\t\t\t\t\t\tOutlook 365\t\t\t\t\t\t\t\t\t<\/a>\n\t\t\t\t\t\t\t\t<\/li>\n\t\t\t\t\t\t\t\t\t\t\t\t\t\t\t<li class=\"tribe-events-c-subscribe-dropdown__list-item tribe-events-c-subscribe-dropdown__list-item--outlook-live\">\n\t\t\t\t\t\t\t\t\t<a\n\t\t\t\t\t\t\t\t\t\thref=\"\"\n\t\t\t\t\t\t\t\t\t\tclass=\"tribe-events-c-subscribe-dropdown__list-item-link\"\n\t\t\t\t\t\t\t\t\t\ttarget=\"_blank\"\n\t\t\t\t\t\t\t\t\t\trel=\"noopener noreferrer nofollow noindex\"\n\t\t\t\t\t\t\t\t\t>\n\t\t\t\t\t\t\t\t\t\tOutlook Live\t\t\t\t\t\t\t\t\t<\/a>\n\t\t\t\t\t\t\t\t<\/li>\n\t\t\t\t\t\t\t\t\t\t\t\t\t<\/ul>\n\t\t\t\t\t<\/div>\n\t\t\t\t<\/div>\n\t\t\t<\/div>\n\t\t<\/div>\n\t<\/div>\n\n\n\n","protected":false},"excerpt":{"rendered":"<p>Festival M\u00e9moire du Quartier \u2013 Nord\/Botanique Apr\u00e8s plusieurs mois de cr\u00e9ation collective, le projet M\u00e9moire du Quartier vous invite \u00e0 d\u00e9couvrir les histoires populaires et les m\u00e9moires du quartier Nord\/Botanique. [&hellip;]<\/p>\n","protected":false},"author":24,"featured_media":3625,"template":"","meta":{"_tec_requires_first_save":false,"_monsterinsights_skip_tracking":false,"_EventAllDay":false,"_EventTimezone":"Europe\/Brussels","_EventStartDate":"2026-09-05 12:00:00","_EventEndDate":"2026-09-05 18:00:00","_EventStartDateUTC":"2026-09-05 10:00:00","_EventEndDateUTC":"2026-09-05 16:00:00","_EventShowMap":false,"_EventShowMapLink":false,"_EventURL":"","_EventCost":"Gratuit","_EventCostDescription":"","_EventCurrencySymbol":"\u20ac","_EventCurrencyCode":"EUR","_EventCurrencyPosition":"suffix","_EventDateTimeSeparator":" @ ","_EventTimeRangeSeparator":" - ","_EventOrganizerID":[],"_EventVenueID":[],"_OrganizerEmail":"","_OrganizerPhone":"","_OrganizerWebsite":"","_VenueAddress":"","_VenueCity":"","_VenueCountry":"","_VenueProvince":"","_VenueState":"","_VenueZip":"","_VenuePhone":"","_VenueURL":"","_VenueStateProvince":"","_VenueLat":"","_VenueLng":"","_VenueShowMap":false,"_VenueShowMapLink":false,"_tribe_blocks_recurrence_rules":"","_tribe_blocks_recurrence_description":"","_tribe_blocks_recurrence_exclusions":"","_tribe_events_status":"","_tribe_events_status_reason":"","_tribe_events_is_hybrid":"","_tribe_events_is_virtual":"","_tribe_events_virtual_video_source":"","_tribe_events_virtual_embed_video":"","_tribe_events_virtual_linked_button_text":"","_tribe_events_virtual_linked_button":"","_tribe_events_virtual_show_embed_at":"","_tribe_events_virtual_show_embed_to":[],"_tribe_events_virtual_show_on_event":"","_tribe_events_virtual_show_on_views":"","_tribe_events_virtual_url":"","footnotes":""},"tags":[],"tribe_events_cat":[],"class_list":["post-3613","tribe_events","type-tribe_events","status-publish","has-post-thumbnail","hentry"],"_links":{"self":[{"href":"https:\/\/buurtinfoquartier.be\/nl\/wp-json\/wp\/v2\/tribe_events\/3613","targetHints":{"allow":["GET"]}}],"collection":[{"href":"https:\/\/buurtinfoquartier.be\/nl\/wp-json\/wp\/v2\/tribe_events"}],"about":[{"href":"https:\/\/buurtinfoquartier.be\/nl\/wp-json\/wp\/v2\/types\/tribe_events"}],"author":[{"embeddable":true,"href":"https:\/\/buurtinfoquartier.be\/nl\/wp-json\/wp\/v2\/users\/24"}],"version-history":[{"count":3,"href":"https:\/\/buurtinfoquartier.be\/nl\/wp-json\/wp\/v2\/tribe_events\/3613\/revisions"}],"predecessor-version":[{"id":3621,"href":"https:\/\/buurtinfoquartier.be\/nl\/wp-json\/wp\/v2\/tribe_events\/3613\/revisions\/3621"}],"wp:featuredmedia":[{"embeddable":true,"href":"https:\/\/buurtinfoquartier.be\/nl\/wp-json\/wp\/v2\/media\/3625"}],"wp:attachment":[{"href":"https:\/\/buurtinfoquartier.be\/nl\/wp-json\/wp\/v2\/media?parent=3613"}],"wp:term":[{"taxonomy":"post_tag","embeddable":true,"href":"https:\/\/buurtinfoquartier.be\/nl\/wp-json\/wp\/v2\/tags?post=3613"},{"taxonomy":"tribe_events_cat","embeddable":true,"href":"https:\/\/buurtinfoquartier.be\/nl\/wp-json\/wp\/v2\/tribe_events_cat?post=3613"}],"curies":[{"name":"wp","href":"https:\/\/api.w.org\/{rel}","templated":true}]}}