{"id":3142,"date":"2025-09-03T13:48:45","date_gmt":"2025-09-03T11:48:45","guid":{"rendered":"https:\/\/buurtinfoquartier.be\/?post_type=tribe_events&#038;p=3142"},"modified":"2025-09-03T13:54:51","modified_gmt":"2025-09-03T11:54:51","slug":"petit-dejeuner-convivial-a-pavillon","status":"publish","type":"tribe_events","link":"https:\/\/buurtinfoquartier.be\/nl\/agenda\/petit-dejeuner-convivial-a-pavillon\/","title":{"rendered":"Petit d\u00e9jeuner convivial \u00e0 Pavillon"},"content":{"rendered":"<div  class=\"tribe-events-schedule tribe-clearfix\" >\n\t<p class=\"tribe-events-schedule__datetime\">\n\t\t<span class=\"tribe-events-schedule__date tribe-events-schedule__date--start\">\n\t\t\t11 sep 2025\t\t<\/span>\n\n\t\t\t\t\t<span class=\"tribe-events-schedule__separator tribe-events-schedule__separator--date\">\n\t\t\t\t @ \t\t\t<\/span>\n\t\t\t<span class=\"tribe-events-schedule__time tribe-events-schedule__time--start\">\n\t\t\t\t09:00\t\t\t<\/span>\n\t\t\n\t\t\t\t\t\t\t\t\t<span class=\"tribe-events-schedule__separator tribe-events-schedule__separator--time\">\n\t\t\t\t\t &#8211; \t\t\t\t<\/span>\n\t\t\t\n\t\t\t\t\t\t\t<span class=\"tribe-events-schedule__time tribe-events-schedule__time--end\">\n\t\t\t\t\t12:00\t\t\t\t<\/span>\n\t\t\t\n\t\t\t\t\t\t<\/p>\n<\/div>\n\n\n\n<p>Nous avons le plaisir de lancer des s\u00e9ances de rencontres et d\u2019\u00e9changes autour d\u2019un petit-d\u00e9jeuner convivial au sein du Pavillon (Parc Reine Verte).<\/p>\n\n\n\n<p>La premi\u00e8re s\u00e9ance sera organis\u00e9e par notre \u00e9quipe le 11 septembre, et l\u2019id\u00e9e est qu\u2019ensuite le groupe devienne autonome, en prenant le relais pour organiser les prochaines rencontres selon les th\u00e9matiques qu\u2019ils d\u00e9sirent. &nbsp;<\/p>\n\n\n\n<p>Ces moments se veulent simples, ouverts et propices aux partages d\u2019exp\u00e9riences, d\u2019id\u00e9es et de bonnes pratiques.<\/p>\n\n\n\n<p>N\u2019h\u00e9sitez pas a nous envoyer un sms ou WhatsApp au 0471 96 42 65 pour vous inscrire.<\/p>\n\n\n\n<figure class=\"wp-block-image size-large\"><img loading=\"lazy\" decoding=\"async\" width=\"819\" height=\"1024\" src=\"https:\/\/buurtinfoquartier.be\/wp-content\/uploads\/2025\/09\/rencontre-petit-dej-819x1024.jpg\" alt=\"\" class=\"wp-image-3144\" srcset=\"https:\/\/buurtinfoquartier.be\/wp-content\/uploads\/2025\/09\/rencontre-petit-dej-819x1024.jpg 819w, https:\/\/buurtinfoquartier.be\/wp-content\/uploads\/2025\/09\/rencontre-petit-dej-600x750.jpg 600w, https:\/\/buurtinfoquartier.be\/wp-content\/uploads\/2025\/09\/rencontre-petit-dej-768x960.jpg 768w, https:\/\/buurtinfoquartier.be\/wp-content\/uploads\/2025\/09\/rencontre-petit-dej.jpg 1080w\" sizes=\"auto, (max-width: 819px) 100vw, 819px\" \/><\/figure>\n\n\n<div  class=\"tribe-block tribe-block__event-price\" >\n\t\t\t<span class=\"tribe-block__event-price__cost\"> Gratuit <\/span>\n\t\t<\/div>\n\n\n\n\n<div  class=\"tribe-block tribe-block__venue tribe-clearfix\" >\n\t\n\t\t\n\t<\/div>\n\n\n\n\n\t<div  class=\"tribe-block tribe-block__events-link\" >\n\t\t<div class=\"tribe-events tribe-common\">\n\t\t\t<div class=\"tribe-events-c-subscribe-dropdown__container\">\n\t\t\t\t<div class=\"tribe-events-c-subscribe-dropdown\">\n\t\t\t\t\t<div class=\"tribe-common-c-btn-border tribe-events-c-subscribe-dropdown__button\">\n\t\t\t\t\t\t<svg\n\t class=\"tribe-common-c-svgicon tribe-common-c-svgicon--cal-export tribe-events-c-subscribe-dropdown__export-icon\" \taria-hidden=\"true\"\n\tviewBox=\"0 0 23 17\"\n\txmlns=\"http:\/\/www.w3.org\/2000\/svg\"\n>\n\t<path fill-rule=\"evenodd\" clip-rule=\"evenodd\" d=\"M.128.896V16.13c0 .211.145.383.323.383h15.354c.179 0 .323-.172.323-.383V.896c0-.212-.144-.383-.323-.383H.451C.273.513.128.684.128.896Zm16 6.742h-.901V4.679H1.009v10.729h14.218v-3.336h.901V7.638ZM1.01 1.614h14.218v2.058H1.009V1.614Z\" \/>\n\t<path d=\"M20.5 9.846H8.312M18.524 6.953l2.89 2.909-2.855 2.855\" stroke-width=\"1.2\" stroke-linecap=\"round\" stroke-linejoin=\"round\"\/>\n<\/svg>\n\t\t\t\t\t\t<button\n\t\t\t\t\t\t\tclass=\"tribe-events-c-subscribe-dropdown__button-text\"\n\t\t\t\t\t\t\taria-expanded=\"false\"\n\t\t\t\t\t\t\taria-controls=\"tribe-events-subscribe-dropdown-content\"\n\t\t\t\t\t\t\taria-label=\"Links weergeven om evenementen aan je kalender toe te voegen\"\n\t\t\t\t\t\t>\n\t\t\t\t\t\t\tToevoegen aan kalender\t\t\t\t\t\t<\/button>\n\t\t\t\t\t\t<svg\n\t class=\"tribe-common-c-svgicon tribe-common-c-svgicon--caret-down tribe-events-c-subscribe-dropdown__button-icon\" \taria-hidden=\"true\"\n\tviewBox=\"0 0 10 7\"\n\txmlns=\"http:\/\/www.w3.org\/2000\/svg\"\n>\n\t<path fill-rule=\"evenodd\" clip-rule=\"evenodd\" d=\"M1.008.609L5 4.6 8.992.61l.958.958L5 6.517.05 1.566l.958-.958z\" class=\"tribe-common-c-svgicon__svg-fill\"\/>\n<\/svg>\n\t\t\t\t\t<\/div>\n\t\t\t\t\t<div id=\"tribe-events-subscribe-dropdown-content\" class=\"tribe-events-c-subscribe-dropdown__content\">\n\t\t\t\t\t\t<ul class=\"tribe-events-c-subscribe-dropdown__list\">\n\t\t\t\t\t\t\t\t\t\t\t\t\t\t\t<li class=\"tribe-events-c-subscribe-dropdown__list-item tribe-events-c-subscribe-dropdown__list-item--gcal\">\n\t\t\t\t\t\t\t\t\t<a\n\t\t\t\t\t\t\t\t\t\thref=\"https:\/\/www.google.com\/calendar\/event?action=TEMPLATE&#038;dates=20250911T090000\/20250911T120000&#038;text=Petit%20d%C3%A9jeuner%20convivial%20%C3%A0%20Pavillon&#038;details=%3Cp%3ENous+avons+le+plaisir+de+lancer+des+s%C3%A9ances+de+rencontres+et+d%E2%80%99%C3%A9changes+autour+d%E2%80%99un+petit-d%C3%A9jeuner+convivial+au+sein+du+Pavillon+%28Parc+Reine+Verte%29.%3C%2Fp%3E+%3Cp%3ELa+premi%C3%A8re+s%C3%A9ance+sera+organis%C3%A9e+par+notre+%C3%A9quipe+le+11+septembre%2C+et+l%E2%80%99id%C3%A9e+est+qu%E2%80%99ensuite+le+groupe+devienne+autonome%2C+en+prenant+le+relais+pour+organiser+les+prochaines+rencontres+selon+les+th%C3%A9matiques+qu%E2%80%99ils+d%C3%A9sirent.+%26nbsp%3B%3C%2Fp%3E+%3Cp%3ECes+moments+se+veulent+simples%2C+ouverts+et+propices+aux+partages+d%E2%80%99exp%C3%A9riences%2C+d%E2%80%99id%C3%A9es+et+de+bonnes+pratiques.%3C%2Fp%3E+%3Cp%3EN%E2%80%99h%C3%A9sitez+pas+a+nous+envoyer+un+sms+ou+WhatsApp+au+0471+96+42+65+pour+vous+inscrire.%3C%2Fp%3E+%3Cfigure+class%3D%22wp-block-image+size-large%22%3E%3Cimg+src%3D%22https%3A%2F%2Fbuurtinfoquartier.be%2Fwp-content%2Fuploads%2F2025%2F09%2Frencontre-petit-dej-819x1024.jpg%22+alt%3D%22%22+class%3D%22wp-image-3144%22%2F%3E%3C%2Ffigure%3E&#038;trp=false&#038;ctz=Europe\/Brussels&#038;sprop=website:https:\/\/buurtinfoquartier.be\/nl\/\"\n\t\t\t\t\t\t\t\t\t\tclass=\"tribe-events-c-subscribe-dropdown__list-item-link\"\n\t\t\t\t\t\t\t\t\t\ttarget=\"_blank\"\n\t\t\t\t\t\t\t\t\t\trel=\"noopener noreferrer nofollow noindex\"\n\t\t\t\t\t\t\t\t\t>\n\t\t\t\t\t\t\t\t\t\tGoogle Calendar\t\t\t\t\t\t\t\t\t<\/a>\n\t\t\t\t\t\t\t\t<\/li>\n\t\t\t\t\t\t\t\t\t\t\t\t\t\t\t<li class=\"tribe-events-c-subscribe-dropdown__list-item tribe-events-c-subscribe-dropdown__list-item--ical\">\n\t\t\t\t\t\t\t\t\t<a\n\t\t\t\t\t\t\t\t\t\thref=\"\"\n\t\t\t\t\t\t\t\t\t\tclass=\"tribe-events-c-subscribe-dropdown__list-item-link\"\n\t\t\t\t\t\t\t\t\t\ttarget=\"_blank\"\n\t\t\t\t\t\t\t\t\t\trel=\"noopener noreferrer nofollow noindex\"\n\t\t\t\t\t\t\t\t\t>\n\t\t\t\t\t\t\t\t\t\tiCalendar\t\t\t\t\t\t\t\t\t<\/a>\n\t\t\t\t\t\t\t\t<\/li>\n\t\t\t\t\t\t\t\t\t\t\t\t\t\t\t<li class=\"tribe-events-c-subscribe-dropdown__list-item tribe-events-c-subscribe-dropdown__list-item--outlook-365\">\n\t\t\t\t\t\t\t\t\t<a\n\t\t\t\t\t\t\t\t\t\thref=\"\"\n\t\t\t\t\t\t\t\t\t\tclass=\"tribe-events-c-subscribe-dropdown__list-item-link\"\n\t\t\t\t\t\t\t\t\t\ttarget=\"_blank\"\n\t\t\t\t\t\t\t\t\t\trel=\"noopener noreferrer nofollow noindex\"\n\t\t\t\t\t\t\t\t\t>\n\t\t\t\t\t\t\t\t\t\tOutlook 365\t\t\t\t\t\t\t\t\t<\/a>\n\t\t\t\t\t\t\t\t<\/li>\n\t\t\t\t\t\t\t\t\t\t\t\t\t\t\t<li class=\"tribe-events-c-subscribe-dropdown__list-item tribe-events-c-subscribe-dropdown__list-item--outlook-live\">\n\t\t\t\t\t\t\t\t\t<a\n\t\t\t\t\t\t\t\t\t\thref=\"\"\n\t\t\t\t\t\t\t\t\t\tclass=\"tribe-events-c-subscribe-dropdown__list-item-link\"\n\t\t\t\t\t\t\t\t\t\ttarget=\"_blank\"\n\t\t\t\t\t\t\t\t\t\trel=\"noopener noreferrer nofollow noindex\"\n\t\t\t\t\t\t\t\t\t>\n\t\t\t\t\t\t\t\t\t\tOutlook Live\t\t\t\t\t\t\t\t\t<\/a>\n\t\t\t\t\t\t\t\t<\/li>\n\t\t\t\t\t\t\t\t\t\t\t\t\t<\/ul>\n\t\t\t\t\t<\/div>\n\t\t\t\t<\/div>\n\t\t\t<\/div>\n\t\t<\/div>\n\t<\/div>\n\n\n\n<h2 class=\"tribe-block__related-events__title\">Gerelateerde evenementen<\/h2>\n\n<ul  class=\"tribe-related-events tribe-clearfix\" >\n\t\t\t<li>\n\t\n<div class=\"tribe-related-events-thumbnail\">\n\t<a href=\"https:\/\/buurtinfoquartier.be\/nl\/agenda\/espace-public-numerique-brabant\/2026-04-27\/\" class=\"url\" rel=\"bookmark\" tabindex=\"-1\" aria-hidden=\"true\"><img loading=\"lazy\" decoding=\"async\" width=\"724\" height=\"1024\" src=\"https:\/\/buurtinfoquartier.be\/wp-content\/uploads\/2025\/03\/EPN-OCR-Brabant_Affiche_JUIN-2025-724x1024.jpg\" class=\"attachment-large size-large wp-post-image\" alt=\"\" \/><\/a>\n<\/div>\n\t<div class=\"tribe-related-event-info\">\n\t<h3 class=\"tribe-related-events-title\">\n\t\t<a href=\"https:\/\/buurtinfoquartier.be\/nl\/agenda\/espace-public-numerique-brabant\/2026-04-27\/\" class=\"tribe-event-url\" rel=\"bookmark\">\n\t\t\tEspace Public Num\u00e9rique Brabant\t\t<\/a>\n\t<\/h3>\n\t<span class=\"tribe-event-date-start\">apr 2026 @ 10:00<\/span> &#8211; <span class=\"tribe-event-time\">18:00<\/span><\/div>\n<\/li>\n\t\t\t<li>\n\t\n<div class=\"tribe-related-events-thumbnail\">\n\t<a href=\"https:\/\/buurtinfoquartier.be\/nl\/agenda\/espace-public-numerique-brabant\/2026-04-28\/\" class=\"url\" rel=\"bookmark\" tabindex=\"-1\" aria-hidden=\"true\"><img loading=\"lazy\" decoding=\"async\" width=\"724\" height=\"1024\" src=\"https:\/\/buurtinfoquartier.be\/wp-content\/uploads\/2025\/03\/EPN-OCR-Brabant_Affiche_JUIN-2025-724x1024.jpg\" class=\"attachment-large size-large wp-post-image\" alt=\"\" \/><\/a>\n<\/div>\n\t<div class=\"tribe-related-event-info\">\n\t<h3 class=\"tribe-related-events-title\">\n\t\t<a href=\"https:\/\/buurtinfoquartier.be\/nl\/agenda\/espace-public-numerique-brabant\/2026-04-28\/\" class=\"tribe-event-url\" rel=\"bookmark\">\n\t\t\tEspace Public Num\u00e9rique Brabant\t\t<\/a>\n\t<\/h3>\n\t<span class=\"tribe-event-date-start\">apr 2026 @ 10:00<\/span> &#8211; <span class=\"tribe-event-time\">18:00<\/span><\/div>\n<\/li>\n\t\t\t<li>\n\t\n<div class=\"tribe-related-events-thumbnail\">\n\t<a href=\"https:\/\/buurtinfoquartier.be\/nl\/agenda\/pshychomotricite-parents-enfants\/2026-04-28\/\" class=\"url\" rel=\"bookmark\" tabindex=\"-1\" aria-hidden=\"true\"><img loading=\"lazy\" decoding=\"async\" width=\"500\" height=\"399\" src=\"https:\/\/buurtinfoquartier.be\/wp-content\/uploads\/2024\/09\/Pictos-GTa-info-13-e1727970744909.png\" class=\"attachment-large size-large wp-post-image\" alt=\"psychomotricit\u00e9 parent-enfant\" \/><\/a>\n<\/div>\n\t<div class=\"tribe-related-event-info\">\n\t<h3 class=\"tribe-related-events-title\">\n\t\t<a href=\"https:\/\/buurtinfoquartier.be\/nl\/agenda\/pshychomotricite-parents-enfants\/2026-04-28\/\" class=\"tribe-event-url\" rel=\"bookmark\">\n\t\t\tPshychomotricit\u00e9 parents-enfants\t\t<\/a>\n\t<\/h3>\n\t<span class=\"tribe-event-date-start\">apr 2026 @ 13:30<\/span> &#8211; <span class=\"tribe-event-time\">17:30<\/span><\/div>\n<\/li>\n\t<\/ul>\n","protected":false},"excerpt":{"rendered":"<p>Nous avons le plaisir de lancer des s\u00e9ances de rencontres et d\u2019\u00e9changes autour d\u2019un petit-d\u00e9jeuner convivial au sein du Pavillon (Parc Reine Verte). La premi\u00e8re s\u00e9ance sera organis\u00e9e par notre [&hellip;]<\/p>\n","protected":false},"author":18,"featured_media":2811,"template":"","meta":{"_tec_requires_first_save":false,"_monsterinsights_skip_tracking":false,"_monsterinsights_sitenote_active":false,"_monsterinsights_sitenote_note":"","_monsterinsights_sitenote_category":0,"_EventAllDay":false,"_EventTimezone":"Europe\/Brussels","_EventStartDate":"2025-09-11 09:00:00","_EventEndDate":"2025-09-11 12:00:00","_EventStartDateUTC":"2025-09-11 07:00:00","_EventEndDateUTC":"2025-09-11 10:00:00","_EventShowMap":false,"_EventShowMapLink":false,"_EventURL":"","_EventCost":"Gratuit","_EventCostDescription":"","_EventCurrencySymbol":"\u20ac","_EventCurrencyCode":"EUR","_EventCurrencyPosition":"suffix","_EventDateTimeSeparator":" @ ","_EventTimeRangeSeparator":" - ","_EventOrganizerID":[],"_EventVenueID":[],"_OrganizerEmail":"","_OrganizerPhone":"","_OrganizerWebsite":"","_VenueAddress":"","_VenueCity":"","_VenueCountry":"","_VenueProvince":"","_VenueState":"","_VenueZip":"","_VenuePhone":"","_VenueURL":"","_VenueStateProvince":"","_VenueLat":"","_VenueLng":"","_VenueShowMap":false,"_VenueShowMapLink":false,"_tribe_blocks_recurrence_rules":"","_tribe_blocks_recurrence_description":"","_tribe_blocks_recurrence_exclusions":"","_tribe_events_status":"","_tribe_events_status_reason":"","_tribe_events_is_hybrid":"","_tribe_events_is_virtual":"","_tribe_events_virtual_video_source":"","_tribe_events_virtual_embed_video":"","_tribe_events_virtual_linked_button_text":"","_tribe_events_virtual_linked_button":"","_tribe_events_virtual_show_embed_at":"","_tribe_events_virtual_show_embed_to":[],"_tribe_events_virtual_show_on_event":"","_tribe_events_virtual_show_on_views":"","_tribe_events_virtual_url":"","footnotes":""},"tags":[761,445],"tribe_events_cat":[],"class_list":["post-3142","tribe_events","type-tribe_events","status-publish","has-post-thumbnail","hentry","tag-cuisine","tag-tous"],"_links":{"self":[{"href":"https:\/\/buurtinfoquartier.be\/nl\/wp-json\/wp\/v2\/tribe_events\/3142","targetHints":{"allow":["GET"]}}],"collection":[{"href":"https:\/\/buurtinfoquartier.be\/nl\/wp-json\/wp\/v2\/tribe_events"}],"about":[{"href":"https:\/\/buurtinfoquartier.be\/nl\/wp-json\/wp\/v2\/types\/tribe_events"}],"author":[{"embeddable":true,"href":"https:\/\/buurtinfoquartier.be\/nl\/wp-json\/wp\/v2\/users\/18"}],"version-history":[{"count":2,"href":"https:\/\/buurtinfoquartier.be\/nl\/wp-json\/wp\/v2\/tribe_events\/3142\/revisions"}],"predecessor-version":[{"id":3146,"href":"https:\/\/buurtinfoquartier.be\/nl\/wp-json\/wp\/v2\/tribe_events\/3142\/revisions\/3146"}],"wp:featuredmedia":[{"embeddable":true,"href":"https:\/\/buurtinfoquartier.be\/nl\/wp-json\/wp\/v2\/media\/2811"}],"wp:attachment":[{"href":"https:\/\/buurtinfoquartier.be\/nl\/wp-json\/wp\/v2\/media?parent=3142"}],"wp:term":[{"taxonomy":"post_tag","embeddable":true,"href":"https:\/\/buurtinfoquartier.be\/nl\/wp-json\/wp\/v2\/tags?post=3142"},{"taxonomy":"tribe_events_cat","embeddable":true,"href":"https:\/\/buurtinfoquartier.be\/nl\/wp-json\/wp\/v2\/tribe_events_cat?post=3142"}],"curies":[{"name":"wp","href":"https:\/\/api.w.org\/{rel}","templated":true}]}}