{"id":3138,"date":"2025-09-02T15:37:32","date_gmt":"2025-09-02T13:37:32","guid":{"rendered":"https:\/\/buurtinfoquartier.be\/?post_type=tribe_events&#038;p=3138"},"modified":"2025-09-02T15:37:35","modified_gmt":"2025-09-02T13:37:35","slug":"un-nouvel-espace-de-rencontres-et-de-liens-a-schaerbeek","status":"publish","type":"tribe_events","link":"https:\/\/buurtinfoquartier.be\/nl\/agenda\/un-nouvel-espace-de-rencontres-et-de-liens-a-schaerbeek\/","title":{"rendered":"Un nouvel espace de rencontres et de liens \u00e0 Schaerbeek"},"content":{"rendered":"<div  class=\"tribe-events-schedule tribe-clearfix\" >\n\t<p class=\"tribe-events-schedule__datetime\">\n\t\t<span class=\"tribe-events-schedule__date tribe-events-schedule__date--start\">\n\t\t\t4 sep 2025\t\t<\/span>\n\n\t\t\t\t\t<span class=\"tribe-events-schedule__separator tribe-events-schedule__separator--date\">\n\t\t\t\t @ \t\t\t<\/span>\n\t\t\t<span class=\"tribe-events-schedule__time tribe-events-schedule__time--start\">\n\t\t\t\t17:30\t\t\t<\/span>\n\t\t\n\t\t\t\t\t\t\t\t\t<span class=\"tribe-events-schedule__separator tribe-events-schedule__separator--time\">\n\t\t\t\t\t &#8211; \t\t\t\t<\/span>\n\t\t\t\n\t\t\t\t\t\t\t<span class=\"tribe-events-schedule__time tribe-events-schedule__time--end\">\n\t\t\t\t\t21:30\t\t\t\t<\/span>\n\t\t\t\n\t\t\t\t\t\t<\/p>\n<\/div>\n\n\n\n<p>Deux b\u00e2timents de l&#8217;avenue des Palais \u00e0 Schaerbeek se sont remplis d&#8217;une trentaine de projets, de vie et de liens \u00e0 tisser !Marbr\u00e9 vous invite \u00e0 participer \u00e0 ses deux premiers \u00e9v\u00e8nements dans le but de d\u00e9couvrir\u00a0le lieu et ses projets !<br>Le jeudi 4 septembre : restaurant participatif + Projection Open-air de 3 courts-m\u00e9trages de r\u00e9alisatrices engag\u00e9es.<br>Pour\u00a0+ d&#8217;infos :\u00a0<a href=\"https:\/\/communa.be\/repas-cinema-plein-air-a-marbre-le-4-09\/\">page-web<\/a>\u00a0&#8211;\u00a0<a href=\"https:\/\/www.facebook.com\/profile.php?id=61576955729403\">facebook<\/a>\u00a0&#8211;\u00a0<a href=\"https:\/\/www.instagram.com\/lieu.marbre\/\">instagram<\/a><br><\/p>\n\n\n<div  class=\"tribe-block tribe-block__event-price\" >\n\t\t<\/div>\n\n\n\n\n<div  class=\"tribe-block tribe-block__venue tribe-clearfix\" >\n\t\n\t\t\n\t<\/div>\n\n\n\n\n\t<div  class=\"tribe-block tribe-block__events-link\" >\n\t\t<div class=\"tribe-events tribe-common\">\n\t\t\t<div class=\"tribe-events-c-subscribe-dropdown__container\">\n\t\t\t\t<div class=\"tribe-events-c-subscribe-dropdown\">\n\t\t\t\t\t<div class=\"tribe-common-c-btn-border tribe-events-c-subscribe-dropdown__button\">\n\t\t\t\t\t\t<svg\n\t class=\"tribe-common-c-svgicon tribe-common-c-svgicon--cal-export tribe-events-c-subscribe-dropdown__export-icon\" \taria-hidden=\"true\"\n\tviewBox=\"0 0 23 17\"\n\txmlns=\"http:\/\/www.w3.org\/2000\/svg\"\n>\n\t<path fill-rule=\"evenodd\" clip-rule=\"evenodd\" d=\"M.128.896V16.13c0 .211.145.383.323.383h15.354c.179 0 .323-.172.323-.383V.896c0-.212-.144-.383-.323-.383H.451C.273.513.128.684.128.896Zm16 6.742h-.901V4.679H1.009v10.729h14.218v-3.336h.901V7.638ZM1.01 1.614h14.218v2.058H1.009V1.614Z\" \/>\n\t<path d=\"M20.5 9.846H8.312M18.524 6.953l2.89 2.909-2.855 2.855\" stroke-width=\"1.2\" stroke-linecap=\"round\" stroke-linejoin=\"round\"\/>\n<\/svg>\n\t\t\t\t\t\t<button\n\t\t\t\t\t\t\tclass=\"tribe-events-c-subscribe-dropdown__button-text\"\n\t\t\t\t\t\t\taria-expanded=\"false\"\n\t\t\t\t\t\t\taria-controls=\"tribe-events-subscribe-dropdown-content\"\n\t\t\t\t\t\t\taria-label=\"Links weergeven om evenementen aan je kalender toe te voegen\"\n\t\t\t\t\t\t>\n\t\t\t\t\t\t\tToevoegen aan kalender\t\t\t\t\t\t<\/button>\n\t\t\t\t\t\t<svg\n\t class=\"tribe-common-c-svgicon tribe-common-c-svgicon--caret-down tribe-events-c-subscribe-dropdown__button-icon\" \taria-hidden=\"true\"\n\tviewBox=\"0 0 10 7\"\n\txmlns=\"http:\/\/www.w3.org\/2000\/svg\"\n>\n\t<path fill-rule=\"evenodd\" clip-rule=\"evenodd\" d=\"M1.008.609L5 4.6 8.992.61l.958.958L5 6.517.05 1.566l.958-.958z\" class=\"tribe-common-c-svgicon__svg-fill\"\/>\n<\/svg>\n\t\t\t\t\t<\/div>\n\t\t\t\t\t<div id=\"tribe-events-subscribe-dropdown-content\" class=\"tribe-events-c-subscribe-dropdown__content\">\n\t\t\t\t\t\t<ul class=\"tribe-events-c-subscribe-dropdown__list\">\n\t\t\t\t\t\t\t\t\t\t\t\t\t\t\t<li class=\"tribe-events-c-subscribe-dropdown__list-item tribe-events-c-subscribe-dropdown__list-item--gcal\">\n\t\t\t\t\t\t\t\t\t<a\n\t\t\t\t\t\t\t\t\t\thref=\"https:\/\/www.google.com\/calendar\/event?action=TEMPLATE&#038;dates=20250904T173000\/20250904T213000&#038;text=Un%20nouvel%20espace%20de%20rencontres%20et%20de%20liens%20%C3%A0%20Schaerbeek&#038;details=%3Cp%3EDeux+b%C3%A2timents+de+l%27avenue+des+Palais+%C3%A0+Schaerbeek+se+sont+remplis+d%27une+trentaine+de+projets%2C+de+vie+et+de+liens+%C3%A0+tisser+%21Marbr%C3%A9+vous+invite+%C3%A0+participer+%C3%A0+ses+deux+premiers+%C3%A9v%C3%A8nements+dans+le+but+de+d%C3%A9couvrir%C2%A0le+lieu+et+ses+projets+%21%3Cbr%3ELe+jeudi+4+septembre+%3A+restaurant+participatif+%2B+Projection+Open-air+de+3+courts-m%C3%A9trages+de+r%C3%A9alisatrices+engag%C3%A9es.%3Cbr%3EPour%C2%A0%2B+d%27infos+%3A%C2%A0%3Ca+href%3D%22https%3A%2F%2Fcommuna.be%2Frepas-cinema-plein-air-a-marbre-le-4-09%2F%22%3Epage-web%3C%2Fa%3E%C2%A0-%C2%A0%3Ca+href%3D%22https%3A%2F%2Fwww.facebook.com%2Fprofile.php%3Fid%3D61576955729403%22%3Efacebook%3C%2Fa%3E%C2%A0-%C2%A0%3Ca+href%3D%22https%3A%2F%2Fwww.instagram.com%2Flieu.marbre%2F%22%3Einstagram%3C%2Fa%3E%3Cbr%3E%3C%2Fp%3E+&#038;trp=false&#038;ctz=Europe\/Brussels&#038;sprop=website:https:\/\/buurtinfoquartier.be\/nl\/\"\n\t\t\t\t\t\t\t\t\t\tclass=\"tribe-events-c-subscribe-dropdown__list-item-link\"\n\t\t\t\t\t\t\t\t\t\ttarget=\"_blank\"\n\t\t\t\t\t\t\t\t\t\trel=\"noopener noreferrer nofollow noindex\"\n\t\t\t\t\t\t\t\t\t>\n\t\t\t\t\t\t\t\t\t\tGoogle Calendar\t\t\t\t\t\t\t\t\t<\/a>\n\t\t\t\t\t\t\t\t<\/li>\n\t\t\t\t\t\t\t\t\t\t\t\t\t\t\t<li class=\"tribe-events-c-subscribe-dropdown__list-item tribe-events-c-subscribe-dropdown__list-item--ical\">\n\t\t\t\t\t\t\t\t\t<a\n\t\t\t\t\t\t\t\t\t\thref=\"\"\n\t\t\t\t\t\t\t\t\t\tclass=\"tribe-events-c-subscribe-dropdown__list-item-link\"\n\t\t\t\t\t\t\t\t\t\ttarget=\"_blank\"\n\t\t\t\t\t\t\t\t\t\trel=\"noopener noreferrer nofollow noindex\"\n\t\t\t\t\t\t\t\t\t>\n\t\t\t\t\t\t\t\t\t\tiCalendar\t\t\t\t\t\t\t\t\t<\/a>\n\t\t\t\t\t\t\t\t<\/li>\n\t\t\t\t\t\t\t\t\t\t\t\t\t\t\t<li class=\"tribe-events-c-subscribe-dropdown__list-item tribe-events-c-subscribe-dropdown__list-item--outlook-365\">\n\t\t\t\t\t\t\t\t\t<a\n\t\t\t\t\t\t\t\t\t\thref=\"\"\n\t\t\t\t\t\t\t\t\t\tclass=\"tribe-events-c-subscribe-dropdown__list-item-link\"\n\t\t\t\t\t\t\t\t\t\ttarget=\"_blank\"\n\t\t\t\t\t\t\t\t\t\trel=\"noopener noreferrer nofollow noindex\"\n\t\t\t\t\t\t\t\t\t>\n\t\t\t\t\t\t\t\t\t\tOutlook 365\t\t\t\t\t\t\t\t\t<\/a>\n\t\t\t\t\t\t\t\t<\/li>\n\t\t\t\t\t\t\t\t\t\t\t\t\t\t\t<li class=\"tribe-events-c-subscribe-dropdown__list-item tribe-events-c-subscribe-dropdown__list-item--outlook-live\">\n\t\t\t\t\t\t\t\t\t<a\n\t\t\t\t\t\t\t\t\t\thref=\"\"\n\t\t\t\t\t\t\t\t\t\tclass=\"tribe-events-c-subscribe-dropdown__list-item-link\"\n\t\t\t\t\t\t\t\t\t\ttarget=\"_blank\"\n\t\t\t\t\t\t\t\t\t\trel=\"noopener noreferrer nofollow noindex\"\n\t\t\t\t\t\t\t\t\t>\n\t\t\t\t\t\t\t\t\t\tOutlook Live\t\t\t\t\t\t\t\t\t<\/a>\n\t\t\t\t\t\t\t\t<\/li>\n\t\t\t\t\t\t\t\t\t\t\t\t\t<\/ul>\n\t\t\t\t\t<\/div>\n\t\t\t\t<\/div>\n\t\t\t<\/div>\n\t\t<\/div>\n\t<\/div>\n\n\n\n<h2 class=\"tribe-block__related-events__title\">Gerelateerde evenementen<\/h2>\n\n<ul  class=\"tribe-related-events tribe-clearfix\" >\n\t\t\t<li>\n\t\n<div class=\"tribe-related-events-thumbnail\">\n\t<a href=\"https:\/\/buurtinfoquartier.be\/nl\/agenda\/espace-public-numerique-brabant\/2026-04-27\/\" class=\"url\" rel=\"bookmark\" tabindex=\"-1\" aria-hidden=\"true\"><img loading=\"lazy\" decoding=\"async\" width=\"724\" height=\"1024\" src=\"https:\/\/buurtinfoquartier.be\/wp-content\/uploads\/2025\/03\/EPN-OCR-Brabant_Affiche_JUIN-2025-724x1024.jpg\" class=\"attachment-large size-large wp-post-image\" alt=\"\" \/><\/a>\n<\/div>\n\t<div class=\"tribe-related-event-info\">\n\t<h3 class=\"tribe-related-events-title\">\n\t\t<a href=\"https:\/\/buurtinfoquartier.be\/nl\/agenda\/espace-public-numerique-brabant\/2026-04-27\/\" class=\"tribe-event-url\" rel=\"bookmark\">\n\t\t\tEspace Public Num\u00e9rique Brabant\t\t<\/a>\n\t<\/h3>\n\t<span class=\"tribe-event-date-start\">apr 2026 @ 10:00<\/span> &#8211; <span class=\"tribe-event-time\">18:00<\/span><\/div>\n<\/li>\n\t\t\t<li>\n\t\n<div class=\"tribe-related-events-thumbnail\">\n\t<a href=\"https:\/\/buurtinfoquartier.be\/nl\/agenda\/espace-public-numerique-brabant\/2026-04-28\/\" class=\"url\" rel=\"bookmark\" tabindex=\"-1\" aria-hidden=\"true\"><img loading=\"lazy\" decoding=\"async\" width=\"724\" height=\"1024\" src=\"https:\/\/buurtinfoquartier.be\/wp-content\/uploads\/2025\/03\/EPN-OCR-Brabant_Affiche_JUIN-2025-724x1024.jpg\" class=\"attachment-large size-large wp-post-image\" alt=\"\" \/><\/a>\n<\/div>\n\t<div class=\"tribe-related-event-info\">\n\t<h3 class=\"tribe-related-events-title\">\n\t\t<a href=\"https:\/\/buurtinfoquartier.be\/nl\/agenda\/espace-public-numerique-brabant\/2026-04-28\/\" class=\"tribe-event-url\" rel=\"bookmark\">\n\t\t\tEspace Public Num\u00e9rique Brabant\t\t<\/a>\n\t<\/h3>\n\t<span class=\"tribe-event-date-start\">apr 2026 @ 10:00<\/span> &#8211; <span class=\"tribe-event-time\">18:00<\/span><\/div>\n<\/li>\n\t\t\t<li>\n\t\n<div class=\"tribe-related-events-thumbnail\">\n\t<a href=\"https:\/\/buurtinfoquartier.be\/nl\/agenda\/pshychomotricite-parents-enfants\/2026-04-28\/\" class=\"url\" rel=\"bookmark\" tabindex=\"-1\" aria-hidden=\"true\"><img loading=\"lazy\" decoding=\"async\" width=\"500\" height=\"399\" src=\"https:\/\/buurtinfoquartier.be\/wp-content\/uploads\/2024\/09\/Pictos-GTa-info-13-e1727970744909.png\" class=\"attachment-large size-large wp-post-image\" alt=\"psychomotricit\u00e9 parent-enfant\" \/><\/a>\n<\/div>\n\t<div class=\"tribe-related-event-info\">\n\t<h3 class=\"tribe-related-events-title\">\n\t\t<a href=\"https:\/\/buurtinfoquartier.be\/nl\/agenda\/pshychomotricite-parents-enfants\/2026-04-28\/\" class=\"tribe-event-url\" rel=\"bookmark\">\n\t\t\tPshychomotricit\u00e9 parents-enfants\t\t<\/a>\n\t<\/h3>\n\t<span class=\"tribe-event-date-start\">apr 2026 @ 13:30<\/span> &#8211; <span class=\"tribe-event-time\">17:30<\/span><\/div>\n<\/li>\n\t<\/ul>\n","protected":false},"excerpt":{"rendered":"<p>Deux b\u00e2timents de l&#8217;avenue des Palais \u00e0 Schaerbeek se sont remplis d&#8217;une trentaine de projets, de vie et de liens \u00e0 tisser !Marbr\u00e9 vous invite \u00e0 participer \u00e0 ses deux [&hellip;]<\/p>\n","protected":false},"author":18,"featured_media":3136,"template":"","meta":{"_tec_requires_first_save":false,"_monsterinsights_skip_tracking":false,"_monsterinsights_sitenote_active":false,"_monsterinsights_sitenote_note":"","_monsterinsights_sitenote_category":0,"_EventAllDay":false,"_EventTimezone":"Europe\/Brussels","_EventStartDate":"2025-09-04 17:30:00","_EventEndDate":"2025-09-04 21:30:00","_EventStartDateUTC":"2025-09-04 15:30:00","_EventEndDateUTC":"2025-09-04 19:30:00","_EventShowMap":false,"_EventShowMapLink":false,"_EventURL":"","_EventCost":"","_EventCostDescription":"","_EventCurrencySymbol":"\u20ac","_EventCurrencyCode":"EUR","_EventCurrencyPosition":"suffix","_EventDateTimeSeparator":" @ ","_EventTimeRangeSeparator":" - ","_EventOrganizerID":[],"_EventVenueID":[],"_OrganizerEmail":"","_OrganizerPhone":"","_OrganizerWebsite":"","_VenueAddress":"","_VenueCity":"","_VenueCountry":"","_VenueProvince":"","_VenueState":"","_VenueZip":"","_VenuePhone":"","_VenueURL":"","_VenueStateProvince":"","_VenueLat":"","_VenueLng":"","_VenueShowMap":false,"_VenueShowMapLink":false,"_tribe_blocks_recurrence_rules":"","_tribe_blocks_recurrence_description":"","_tribe_blocks_recurrence_exclusions":"","_tribe_events_status":"","_tribe_events_status_reason":"","_tribe_events_is_hybrid":"","_tribe_events_is_virtual":"","_tribe_events_virtual_video_source":"","_tribe_events_virtual_embed_video":"","_tribe_events_virtual_linked_button_text":"","_tribe_events_virtual_linked_button":"","_tribe_events_virtual_show_embed_at":"","_tribe_events_virtual_show_embed_to":[],"_tribe_events_virtual_show_on_event":"","_tribe_events_virtual_show_on_views":"","_tribe_events_virtual_url":"","footnotes":""},"tags":[445],"tribe_events_cat":[],"class_list":["post-3138","tribe_events","type-tribe_events","status-publish","has-post-thumbnail","hentry","tag-tous"],"_links":{"self":[{"href":"https:\/\/buurtinfoquartier.be\/nl\/wp-json\/wp\/v2\/tribe_events\/3138","targetHints":{"allow":["GET"]}}],"collection":[{"href":"https:\/\/buurtinfoquartier.be\/nl\/wp-json\/wp\/v2\/tribe_events"}],"about":[{"href":"https:\/\/buurtinfoquartier.be\/nl\/wp-json\/wp\/v2\/types\/tribe_events"}],"author":[{"embeddable":true,"href":"https:\/\/buurtinfoquartier.be\/nl\/wp-json\/wp\/v2\/users\/18"}],"version-history":[{"count":1,"href":"https:\/\/buurtinfoquartier.be\/nl\/wp-json\/wp\/v2\/tribe_events\/3138\/revisions"}],"predecessor-version":[{"id":3139,"href":"https:\/\/buurtinfoquartier.be\/nl\/wp-json\/wp\/v2\/tribe_events\/3138\/revisions\/3139"}],"wp:featuredmedia":[{"embeddable":true,"href":"https:\/\/buurtinfoquartier.be\/nl\/wp-json\/wp\/v2\/media\/3136"}],"wp:attachment":[{"href":"https:\/\/buurtinfoquartier.be\/nl\/wp-json\/wp\/v2\/media?parent=3138"}],"wp:term":[{"taxonomy":"post_tag","embeddable":true,"href":"https:\/\/buurtinfoquartier.be\/nl\/wp-json\/wp\/v2\/tags?post=3138"},{"taxonomy":"tribe_events_cat","embeddable":true,"href":"https:\/\/buurtinfoquartier.be\/nl\/wp-json\/wp\/v2\/tribe_events_cat?post=3138"}],"curies":[{"name":"wp","href":"https:\/\/api.w.org\/{rel}","templated":true}]}}