{"id":3017,"date":"2025-07-02T12:15:54","date_gmt":"2025-07-02T10:15:54","guid":{"rendered":"https:\/\/buurtinfoquartier.be\/?post_type=tribe_events&#038;p=3017"},"modified":"2025-07-02T12:15:56","modified_gmt":"2025-07-02T10:15:56","slug":"ateliers-dete-du-mercredi-6-aout","status":"publish","type":"tribe_events","link":"https:\/\/buurtinfoquartier.be\/nl\/agenda\/ateliers-dete-du-mercredi-6-aout\/","title":{"rendered":"Ateliers d&#8217;\u00e9t\u00e9 du mercredi 6 ao\u00fbt"},"content":{"rendered":"<div  class=\"tribe-events-schedule tribe-clearfix\" >\n\t<p class=\"tribe-events-schedule__datetime\">\n\t\t<span class=\"tribe-events-schedule__date tribe-events-schedule__date--start\">\n\t\t\t2 jul 2025\t\t<\/span>\n\n\t\t\t\t\t<span class=\"tribe-events-schedule__separator tribe-events-schedule__separator--date\">\n\t\t\t\t @ \t\t\t<\/span>\n\t\t\t<span class=\"tribe-events-schedule__time tribe-events-schedule__time--start\">\n\t\t\t\t08:00\t\t\t<\/span>\n\t\t\n\t\t\t\t\t\t\t\t\t<span class=\"tribe-events-schedule__separator tribe-events-schedule__separator--time\">\n\t\t\t\t\t &#8211; \t\t\t\t<\/span>\n\t\t\t\n\t\t\t\t\t\t\t<span class=\"tribe-events-schedule__time tribe-events-schedule__time--end\">\n\t\t\t\t\t17:00\t\t\t\t<\/span>\n\t\t\t\n\t\t\t\t\t\t<\/p>\n<\/div>\n\n\n\n<p><strong>Atelier Chant de 10h30 \u00e0 11h30<\/strong><br>Chantons ensemble avec Ylva : de la vari\u00e9t\u00e9 fran\u00e7aise, des chants d\u2019Europe et du monde. De la<br>bonne humeur, du rire, de la d\u00e9tente et de jolies m\u00e9lodies.<\/p>\n\n\n\n<p><br><strong>Atelier Couture de 14h \u00e0 16h<\/strong><br>D\u00e9couvrons les plaisirs simples de la couture avec Muriel. Une rencontre cr\u00e9ative \u00e0 port\u00e9e de<br>tous !<br><\/p>\n\n\n\n<p><strong>Jeux d\u2019ext\u00e9rieur de 14h \u00e0 16h<br><\/strong>Prenons l\u2019air en nous amusant ! Il y en a pour tous les go\u00fbts : m\u00f6lkky, ping-pong, badminton, p\u00e9tanque, fl\u00e9chettes\u2026<\/p>\n\n\n\n<p><strong>Acc\u00e8s par le Foyer<\/strong> \u2013 118, rue de la Limite<br><strong>Acc\u00e8s par le jardin<\/strong> \u2013 179, rue Potag\u00e8re<br><strong>Infos compl\u00e9mentaires<\/strong> : 0478 87 06 13<\/p>\n\n\n\n<p><\/p>\n\n\n<div  class=\"tribe-block tribe-block__event-price\" >\n\t\t<\/div>\n\n\n<div  class=\"tribe-block tribe-block__organizer__details tribe-clearfix\" >\n\t<div class=\"tribe-block__organizer__title\">\n\t\t<h3><a href=\"https:\/\/buurtinfoquartier.be\/organisator\/\" title=\"Maison de la Famille\" target=\"_self\" rel=\"\">Maison de la Famille<\/a><\/h3>\n\t<\/div>\n\t\t\t<\/div>\n\n\n<div  class=\"tribe-block tribe-block__venue tribe-clearfix\" >\n\t\n\t\t\n\t<\/div>\n\n\n\n\n\t<div  class=\"tribe-block tribe-block__events-link\" >\n\t\t<div class=\"tribe-events tribe-common\">\n\t\t\t<div class=\"tribe-events-c-subscribe-dropdown__container\">\n\t\t\t\t<div class=\"tribe-events-c-subscribe-dropdown\">\n\t\t\t\t\t<div class=\"tribe-common-c-btn-border tribe-events-c-subscribe-dropdown__button\">\n\t\t\t\t\t\t<svg\n\t class=\"tribe-common-c-svgicon tribe-common-c-svgicon--cal-export tribe-events-c-subscribe-dropdown__export-icon\" \taria-hidden=\"true\"\n\tviewBox=\"0 0 23 17\"\n\txmlns=\"http:\/\/www.w3.org\/2000\/svg\"\n>\n\t<path fill-rule=\"evenodd\" clip-rule=\"evenodd\" d=\"M.128.896V16.13c0 .211.145.383.323.383h15.354c.179 0 .323-.172.323-.383V.896c0-.212-.144-.383-.323-.383H.451C.273.513.128.684.128.896Zm16 6.742h-.901V4.679H1.009v10.729h14.218v-3.336h.901V7.638ZM1.01 1.614h14.218v2.058H1.009V1.614Z\" \/>\n\t<path d=\"M20.5 9.846H8.312M18.524 6.953l2.89 2.909-2.855 2.855\" stroke-width=\"1.2\" stroke-linecap=\"round\" stroke-linejoin=\"round\"\/>\n<\/svg>\n\t\t\t\t\t\t<button\n\t\t\t\t\t\t\tclass=\"tribe-events-c-subscribe-dropdown__button-text\"\n\t\t\t\t\t\t\taria-expanded=\"false\"\n\t\t\t\t\t\t\taria-controls=\"tribe-events-subscribe-dropdown-content\"\n\t\t\t\t\t\t\taria-label=\"Links weergeven om evenementen aan je kalender toe te voegen\"\n\t\t\t\t\t\t>\n\t\t\t\t\t\t\tToevoegen aan kalender\t\t\t\t\t\t<\/button>\n\t\t\t\t\t\t<svg\n\t class=\"tribe-common-c-svgicon tribe-common-c-svgicon--caret-down tribe-events-c-subscribe-dropdown__button-icon\" \taria-hidden=\"true\"\n\tviewBox=\"0 0 10 7\"\n\txmlns=\"http:\/\/www.w3.org\/2000\/svg\"\n>\n\t<path fill-rule=\"evenodd\" clip-rule=\"evenodd\" d=\"M1.008.609L5 4.6 8.992.61l.958.958L5 6.517.05 1.566l.958-.958z\" class=\"tribe-common-c-svgicon__svg-fill\"\/>\n<\/svg>\n\t\t\t\t\t<\/div>\n\t\t\t\t\t<div id=\"tribe-events-subscribe-dropdown-content\" class=\"tribe-events-c-subscribe-dropdown__content\">\n\t\t\t\t\t\t<ul class=\"tribe-events-c-subscribe-dropdown__list\">\n\t\t\t\t\t\t\t\t\t\t\t\t\t\t\t<li class=\"tribe-events-c-subscribe-dropdown__list-item tribe-events-c-subscribe-dropdown__list-item--gcal\">\n\t\t\t\t\t\t\t\t\t<a\n\t\t\t\t\t\t\t\t\t\thref=\"https:\/\/www.google.com\/calendar\/event?action=TEMPLATE&#038;dates=20250702T080000\/20250702T170000&#038;text=Ateliers%20d%26%238217%3B%C3%A9t%C3%A9%20du%20mercredi%206%20ao%C3%BBt&#038;details=%3Cp%3E%3Cstrong%3EAtelier+Chant+de+10h30+%C3%A0+11h30%3C%2Fstrong%3E%3Cbr%3EChantons+ensemble+avec+Ylva+%3A+de+la+vari%C3%A9t%C3%A9+fran%C3%A7aise%2C+des+chants+d%E2%80%99Europe+et+du+monde.+De+la%3Cbr%3Ebonne+humeur%2C+du+rire%2C+de+la+d%C3%A9tente+et+de+jolies+m%C3%A9lodies.%3C%2Fp%3E+%3Cp%3E%3Cbr%3E%3Cstrong%3EAtelier+Couture+de+14h+%C3%A0+16h%3C%2Fstrong%3E%3Cbr%3ED%C3%A9couvrons+les+plaisirs+simples+de+la+couture+avec+Muriel.+Une+rencontre+cr%C3%A9ative+%C3%A0+port%C3%A9e+de%3Cbr%3Etous+%21%3Cbr%3E%3C%2Fp%3E+%3Cp%3E%3Cstrong%3EJeux+d%E2%80%99ext%C3%A9rieur+de+14h+%C3%A0+16h%3Cbr%3E%3C%2Fstrong%3EPrenons+l%E2%80%99air+en+nous+amusant+%21+Il+y+en+a+pour+tous+les+go%C3%BBts+%3A+m%C3%B6lkky%2C+ping-pong%2C+badminton%2C+p%C3%A9tanque%2C+fl%C3%A9chettes%E2%80%A6%3C%2Fp%3E+%3Cp%3E%3Cstrong%3EAcc%C3%A8s+par+le+Foyer%3C%2Fstrong%3E+%E2%80%93+118%2C+rue+de+la+Limite%3Cbr%3E%3Cstrong%3EAcc%C3%A8s+par+le+jardin%3C%2Fstrong%3E+%E2%80%93+179%2C+rue+Potag%C3%A8re%3Cbr%3E%3Cstrong%3EInfos+compl%C3%A9mentaires%3C%2Fstrong%3E+%3A+0478+87+06+13%3C%2Fp%3E+%3Cp%3E%3C%2Fp%3E+&#038;trp=false&#038;ctz=Europe\/Brussels&#038;sprop=website:https:\/\/buurtinfoquartier.be\/nl\/\"\n\t\t\t\t\t\t\t\t\t\tclass=\"tribe-events-c-subscribe-dropdown__list-item-link\"\n\t\t\t\t\t\t\t\t\t\ttarget=\"_blank\"\n\t\t\t\t\t\t\t\t\t\trel=\"noopener noreferrer nofollow noindex\"\n\t\t\t\t\t\t\t\t\t>\n\t\t\t\t\t\t\t\t\t\tGoogle Calendar\t\t\t\t\t\t\t\t\t<\/a>\n\t\t\t\t\t\t\t\t<\/li>\n\t\t\t\t\t\t\t\t\t\t\t\t\t\t\t<li class=\"tribe-events-c-subscribe-dropdown__list-item tribe-events-c-subscribe-dropdown__list-item--ical\">\n\t\t\t\t\t\t\t\t\t<a\n\t\t\t\t\t\t\t\t\t\thref=\"\"\n\t\t\t\t\t\t\t\t\t\tclass=\"tribe-events-c-subscribe-dropdown__list-item-link\"\n\t\t\t\t\t\t\t\t\t\ttarget=\"_blank\"\n\t\t\t\t\t\t\t\t\t\trel=\"noopener noreferrer nofollow noindex\"\n\t\t\t\t\t\t\t\t\t>\n\t\t\t\t\t\t\t\t\t\tiCalendar\t\t\t\t\t\t\t\t\t<\/a>\n\t\t\t\t\t\t\t\t<\/li>\n\t\t\t\t\t\t\t\t\t\t\t\t\t\t\t<li class=\"tribe-events-c-subscribe-dropdown__list-item tribe-events-c-subscribe-dropdown__list-item--outlook-365\">\n\t\t\t\t\t\t\t\t\t<a\n\t\t\t\t\t\t\t\t\t\thref=\"\"\n\t\t\t\t\t\t\t\t\t\tclass=\"tribe-events-c-subscribe-dropdown__list-item-link\"\n\t\t\t\t\t\t\t\t\t\ttarget=\"_blank\"\n\t\t\t\t\t\t\t\t\t\trel=\"noopener noreferrer nofollow noindex\"\n\t\t\t\t\t\t\t\t\t>\n\t\t\t\t\t\t\t\t\t\tOutlook 365\t\t\t\t\t\t\t\t\t<\/a>\n\t\t\t\t\t\t\t\t<\/li>\n\t\t\t\t\t\t\t\t\t\t\t\t\t\t\t<li class=\"tribe-events-c-subscribe-dropdown__list-item tribe-events-c-subscribe-dropdown__list-item--outlook-live\">\n\t\t\t\t\t\t\t\t\t<a\n\t\t\t\t\t\t\t\t\t\thref=\"\"\n\t\t\t\t\t\t\t\t\t\tclass=\"tribe-events-c-subscribe-dropdown__list-item-link\"\n\t\t\t\t\t\t\t\t\t\ttarget=\"_blank\"\n\t\t\t\t\t\t\t\t\t\trel=\"noopener noreferrer nofollow noindex\"\n\t\t\t\t\t\t\t\t\t>\n\t\t\t\t\t\t\t\t\t\tOutlook Live\t\t\t\t\t\t\t\t\t<\/a>\n\t\t\t\t\t\t\t\t<\/li>\n\t\t\t\t\t\t\t\t\t\t\t\t\t<\/ul>\n\t\t\t\t\t<\/div>\n\t\t\t\t<\/div>\n\t\t\t<\/div>\n\t\t<\/div>\n\t<\/div>\n\n\n\n<h2 class=\"tribe-block__related-events__title\">Gerelateerde evenementen<\/h2>\n\n<ul  class=\"tribe-related-events tribe-clearfix\" >\n\t\t\t<li>\n\t\n<div class=\"tribe-related-events-thumbnail\">\n\t<a href=\"https:\/\/buurtinfoquartier.be\/nl\/agenda\/espace-public-numerique-brabant\/2026-04-28\/\" class=\"url\" rel=\"bookmark\" tabindex=\"-1\" aria-hidden=\"true\"><img loading=\"lazy\" decoding=\"async\" width=\"724\" height=\"1024\" src=\"https:\/\/buurtinfoquartier.be\/wp-content\/uploads\/2025\/03\/EPN-OCR-Brabant_Affiche_JUIN-2025-724x1024.jpg\" class=\"attachment-large size-large wp-post-image\" alt=\"\" \/><\/a>\n<\/div>\n\t<div class=\"tribe-related-event-info\">\n\t<h3 class=\"tribe-related-events-title\">\n\t\t<a href=\"https:\/\/buurtinfoquartier.be\/nl\/agenda\/espace-public-numerique-brabant\/2026-04-28\/\" class=\"tribe-event-url\" rel=\"bookmark\">\n\t\t\tEspace Public Num\u00e9rique Brabant\t\t<\/a>\n\t<\/h3>\n\t<span class=\"tribe-event-date-start\">apr 2026 @ 10:00<\/span> &#8211; <span class=\"tribe-event-time\">18:00<\/span><\/div>\n<\/li>\n\t\t\t<li>\n\t\n<div class=\"tribe-related-events-thumbnail\">\n\t<a href=\"https:\/\/buurtinfoquartier.be\/nl\/agenda\/pshychomotricite-parents-enfants\/2026-04-28\/\" class=\"url\" rel=\"bookmark\" tabindex=\"-1\" aria-hidden=\"true\"><img loading=\"lazy\" decoding=\"async\" width=\"500\" height=\"399\" src=\"https:\/\/buurtinfoquartier.be\/wp-content\/uploads\/2024\/09\/Pictos-GTa-info-13-e1727970744909.png\" class=\"attachment-large size-large wp-post-image\" alt=\"psychomotricit\u00e9 parent-enfant\" \/><\/a>\n<\/div>\n\t<div class=\"tribe-related-event-info\">\n\t<h3 class=\"tribe-related-events-title\">\n\t\t<a href=\"https:\/\/buurtinfoquartier.be\/nl\/agenda\/pshychomotricite-parents-enfants\/2026-04-28\/\" class=\"tribe-event-url\" rel=\"bookmark\">\n\t\t\tPshychomotricit\u00e9 parents-enfants\t\t<\/a>\n\t<\/h3>\n\t<span class=\"tribe-event-date-start\">apr 2026 @ 13:30<\/span> &#8211; <span class=\"tribe-event-time\">17:30<\/span><\/div>\n<\/li>\n\t\t\t<li>\n\t\n<div class=\"tribe-related-events-thumbnail\">\n\t<a href=\"https:\/\/buurtinfoquartier.be\/nl\/agenda\/les-pates-au-beurre-2\/2026-04-29\/\" class=\"url\" rel=\"bookmark\" tabindex=\"-1\" aria-hidden=\"true\"><img loading=\"lazy\" decoding=\"async\" width=\"1024\" height=\"1024\" src=\"https:\/\/buurtinfoquartier.be\/wp-content\/uploads\/2025\/10\/Logo-Les-Pates-au-Beurre-1024x1024.jpg\" class=\"attachment-large size-large wp-post-image\" alt=\"\" \/><\/a>\n<\/div>\n\t<div class=\"tribe-related-event-info\">\n\t<h3 class=\"tribe-related-events-title\">\n\t\t<a href=\"https:\/\/buurtinfoquartier.be\/nl\/agenda\/les-pates-au-beurre-2\/2026-04-29\/\" class=\"tribe-event-url\" rel=\"bookmark\">\n\t\t\tLes P\u00e2tes au Beurre\t\t<\/a>\n\t<\/h3>\n\t<span class=\"tribe-event-date-start\">apr 2026 @ 09:30<\/span> &#8211; <span class=\"tribe-event-time\">11:30<\/span><\/div>\n<\/li>\n\t<\/ul>\n","protected":false},"excerpt":{"rendered":"<p>Atelier Chant de 10h30 \u00e0 11h30Chantons ensemble avec Ylva : de la vari\u00e9t\u00e9 fran\u00e7aise, des chants d\u2019Europe et du monde. De labonne humeur, du rire, de la d\u00e9tente et de [&hellip;]<\/p>\n","protected":false},"author":18,"featured_media":2599,"template":"","meta":{"_tec_requires_first_save":false,"_monsterinsights_skip_tracking":false,"_monsterinsights_sitenote_active":false,"_monsterinsights_sitenote_note":"","_monsterinsights_sitenote_category":0,"_EventAllDay":false,"_EventTimezone":"Europe\/Brussels","_EventStartDate":"2025-07-02 08:00:00","_EventEndDate":"2025-07-02 17:00:00","_EventStartDateUTC":"2025-07-02 06:00:00","_EventEndDateUTC":"2025-07-02 15:00:00","_EventShowMap":false,"_EventShowMapLink":false,"_EventURL":"","_EventCost":"","_EventCostDescription":"","_EventCurrencySymbol":"\u20ac","_EventCurrencyCode":"EUR","_EventCurrencyPosition":"suffix","_EventDateTimeSeparator":" @ ","_EventTimeRangeSeparator":" - ","_EventOrganizerID":[3018],"_EventVenueID":[],"_OrganizerEmail":"","_OrganizerPhone":"","_OrganizerWebsite":"","_VenueAddress":"","_VenueCity":"","_VenueCountry":"","_VenueProvince":"","_VenueState":"","_VenueZip":"","_VenuePhone":"","_VenueURL":"","_VenueStateProvince":"","_VenueLat":"","_VenueLng":"","_VenueShowMap":false,"_VenueShowMapLink":false,"_tribe_blocks_recurrence_rules":"","_tribe_blocks_recurrence_description":"","_tribe_blocks_recurrence_exclusions":"","_tribe_events_status":"","_tribe_events_status_reason":"","_tribe_events_is_hybrid":"","_tribe_events_is_virtual":"","_tribe_events_virtual_video_source":"","_tribe_events_virtual_embed_video":"","_tribe_events_virtual_linked_button_text":"","_tribe_events_virtual_linked_button":"","_tribe_events_virtual_show_embed_at":"","_tribe_events_virtual_show_embed_to":[],"_tribe_events_virtual_show_on_event":"","_tribe_events_virtual_show_on_views":"","_tribe_events_virtual_url":"","footnotes":""},"tags":[757,755,764,758,445],"tribe_events_cat":[],"class_list":["post-3017","tribe_events","type-tribe_events","status-publish","has-post-thumbnail","hentry","tag-atelier","tag-chant","tag-couture","tag-jeux","tag-tous"],"_links":{"self":[{"href":"https:\/\/buurtinfoquartier.be\/nl\/wp-json\/wp\/v2\/tribe_events\/3017","targetHints":{"allow":["GET"]}}],"collection":[{"href":"https:\/\/buurtinfoquartier.be\/nl\/wp-json\/wp\/v2\/tribe_events"}],"about":[{"href":"https:\/\/buurtinfoquartier.be\/nl\/wp-json\/wp\/v2\/types\/tribe_events"}],"author":[{"embeddable":true,"href":"https:\/\/buurtinfoquartier.be\/nl\/wp-json\/wp\/v2\/users\/18"}],"version-history":[{"count":1,"href":"https:\/\/buurtinfoquartier.be\/nl\/wp-json\/wp\/v2\/tribe_events\/3017\/revisions"}],"predecessor-version":[{"id":3019,"href":"https:\/\/buurtinfoquartier.be\/nl\/wp-json\/wp\/v2\/tribe_events\/3017\/revisions\/3019"}],"wp:featuredmedia":[{"embeddable":true,"href":"https:\/\/buurtinfoquartier.be\/nl\/wp-json\/wp\/v2\/media\/2599"}],"wp:attachment":[{"href":"https:\/\/buurtinfoquartier.be\/nl\/wp-json\/wp\/v2\/media?parent=3017"}],"wp:term":[{"taxonomy":"post_tag","embeddable":true,"href":"https:\/\/buurtinfoquartier.be\/nl\/wp-json\/wp\/v2\/tags?post=3017"},{"taxonomy":"tribe_events_cat","embeddable":true,"href":"https:\/\/buurtinfoquartier.be\/nl\/wp-json\/wp\/v2\/tribe_events_cat?post=3017"}],"curies":[{"name":"wp","href":"https:\/\/api.w.org\/{rel}","templated":true}]}}