{"id":2921,"date":"2025-06-18T16:03:40","date_gmt":"2025-06-18T14:03:40","guid":{"rendered":"https:\/\/buurtinfoquartier.be\/?post_type=tribe_events&#038;p=2921"},"modified":"2025-06-18T16:08:38","modified_gmt":"2025-06-18T14:08:38","slug":"seminaire-soutien-a-la-parentalite","status":"publish","type":"tribe_events","link":"https:\/\/buurtinfoquartier.be\/nl\/agenda\/seminaire-soutien-a-la-parentalite\/","title":{"rendered":"S\u00e9minaire soutien \u00e0 la parentalit\u00e9"},"content":{"rendered":"<div  class=\"tribe-events-schedule tribe-clearfix\" >\n\t<p class=\"tribe-events-schedule__datetime\">\n\t\t<span class=\"tribe-events-schedule__date tribe-events-schedule__date--start\">\n\t\t\t24 jun 2025\t\t<\/span>\n\n\t\t\t\t\t<span class=\"tribe-events-schedule__separator tribe-events-schedule__separator--date\">\n\t\t\t\t @ \t\t\t<\/span>\n\t\t\t<span class=\"tribe-events-schedule__time tribe-events-schedule__time--start\">\n\t\t\t\t09:00\t\t\t<\/span>\n\t\t\n\t\t\t\t\t\t\t\t\t<span class=\"tribe-events-schedule__separator tribe-events-schedule__separator--time\">\n\t\t\t\t\t &#8211; \t\t\t\t<\/span>\n\t\t\t\n\t\t\t\t\t\t\t<span class=\"tribe-events-schedule__time tribe-events-schedule__time--end\">\n\t\t\t\t\t12:30\t\t\t\t<\/span>\n\t\t\t\n\t\t\t\t\t\t<\/p>\n<\/div>\n\n\n\n<p><strong>La participation des parents : comment tisser des liens durables ?<\/strong><br>La Maison des Parents est situ\u00e9e dans le quartier nord de Schaerbeek (pr\u00e8s de la gare) o\u00f9, comme vous le savez, les probl\u00e9matiques socio-sanitaires sont nombreuses et importantes. Il n\u2019est pas toujours \u00e9vident, pour de multiples raisons, pour les parents du quartier d\u2019acc\u00e9der aux activit\u00e9s qui leur sont propos\u00e9es. Certaines d\u2019entre elles demandent parfois, dans leur mise en \u0153uvre, un certain engagement des parents qui peut mettre en tension leur capacit\u00e9 d\u2019agir.<\/p>\n\n\n\n<p>Faciliter l\u2019acc\u00e8s, am\u00e9liorer la qualit\u00e9 de l\u2019accueil, sortir de nos murs, innover dans nos pratiques et nos partenariats, proposer des conditions d\u2019implication qui correspondent aux r\u00e9alit\u00e9s des parents, leur donner une place dans l\u2019\u00e9laboration des projets \u2026 sont autant de questions que nous souhaitons partager et travailler avec vous lors de ce s\u00e9minaire.<\/p>\n\n\n\n<p>Comme \u00e0 chaque fois, ces \u00e9changes et cette r\u00e9flexion se feront \u00e0 partir de vos pratiques respectives mais s\u2019appuiera \u00e9galement, de mani\u00e8re un peu d\u00e9cal\u00e9e, sur l\u2019exp\u00e9rience de l\u2019ONG DIMBAYA KAGNALEN avec laquelle collabore le Groupe Sant\u00e9 Josaphat et qui d\u00e9veloppe \u00e0 Ziguinchor (S\u00e9n\u00e9gal) un programme d\u2019actions communautaires autour de la protection de la petite enfance : <\/p>\n\n\n\n<ul class=\"wp-block-list\">\n<li>Adama Eva BADIANE (Badi\u00e9nou gokh \u2013 marraine de sexualit\u00e9 et de proximit\u00e9), <\/li>\n\n\n\n<li>Ousmane SAMBOU (Agent de d\u00e9veloppement communautaire) <\/li>\n\n\n\n<li>Boubacar BARRY (Professeur de sociologie \u00e0 l\u2019Universit\u00e9 Assane SECK de Ziguinchor) <\/li>\n<\/ul>\n\n\n\n<p><\/p>\n\n\n<div  class=\"tribe-block tribe-block__event-price\" >\n\t\t\t<span class=\"tribe-block__event-price__cost\"> Free <\/span>\n\t\t<\/div>\n\n\n<div  class=\"tribe-block tribe-block__venue tribe-clearfix tribe-block__venue--has-map\" >\n\t\n\t\n<div class=\"tribe-block__venue__meta\">\n\t<div class=\"tribe-block__venue__name\">\n\t\t<h3><a href=\"https:\/\/buurtinfoquartier.be\/locatie\/\" title=\"Rue Dupont 20\">Rue Dupont 20<\/a><\/h3>\n\t<\/div>\n\n\t\n\t\t\t\t\t\t<address class=\"tribe-block__venue__address\">\n\t\t\t\t<span class=\"tribe-address\">\n\n\n\t<span class=\"tribe-locality\">Bruxelles<\/span><span class=\"tribe-delimiter\">,<\/span>\n\n\n\n\n<\/span>\n\n\t\t\t\t\t\t\t\t\t<a class=\"tribe-events-gmap\" href=\"https:\/\/maps.google.com\/maps?f=q&#038;source=s_q&#038;hl=en&#038;geocode=&#038;q=Bruxelles\" title=\"Klik om te bekijken op Google Maps\" target=\"_blank\" rel=\"noreferrer noopener\">+ Google Maps<\/a>\t\t\t\t\t\t\t<\/address>\n\t\t\n\t\t\n\t\t\t\n\t<\/div>\n\t\n<div class=\"tribe-block__venue__map\">\n\t<div id=\"tribe-events-gmap-0\" style=\"height: 256px; width: 310px\" aria-hidden=\"true\"><\/div><!-- #tribe-events-gmap- -->\n<\/div>\n\n\t<\/div>\n\n\n<div  class=\"tribe-block tribe-block__organizer__details tribe-clearfix\" >\n\t<div class=\"tribe-block__organizer__title\">\n\t\t<h3><a href=\"https:\/\/buurtinfoquartier.be\/organisator\/\" title=\"Maison des Parents\" target=\"_self\" rel=\"\">Maison des Parents<\/a><\/h3>\n\t<\/div>\n\t\t\t<\/div>\n\n\n\n\n\t<div  class=\"tribe-block tribe-block__events-link\" >\n\t\t<div class=\"tribe-events tribe-common\">\n\t\t\t<div class=\"tribe-events-c-subscribe-dropdown__container\">\n\t\t\t\t<div class=\"tribe-events-c-subscribe-dropdown\">\n\t\t\t\t\t<div class=\"tribe-common-c-btn-border tribe-events-c-subscribe-dropdown__button\">\n\t\t\t\t\t\t<svg\n\t class=\"tribe-common-c-svgicon tribe-common-c-svgicon--cal-export tribe-events-c-subscribe-dropdown__export-icon\" \taria-hidden=\"true\"\n\tviewBox=\"0 0 23 17\"\n\txmlns=\"http:\/\/www.w3.org\/2000\/svg\"\n>\n\t<path fill-rule=\"evenodd\" clip-rule=\"evenodd\" d=\"M.128.896V16.13c0 .211.145.383.323.383h15.354c.179 0 .323-.172.323-.383V.896c0-.212-.144-.383-.323-.383H.451C.273.513.128.684.128.896Zm16 6.742h-.901V4.679H1.009v10.729h14.218v-3.336h.901V7.638ZM1.01 1.614h14.218v2.058H1.009V1.614Z\" \/>\n\t<path d=\"M20.5 9.846H8.312M18.524 6.953l2.89 2.909-2.855 2.855\" stroke-width=\"1.2\" stroke-linecap=\"round\" stroke-linejoin=\"round\"\/>\n<\/svg>\n\t\t\t\t\t\t<button\n\t\t\t\t\t\t\tclass=\"tribe-events-c-subscribe-dropdown__button-text\"\n\t\t\t\t\t\t\taria-expanded=\"false\"\n\t\t\t\t\t\t\taria-controls=\"tribe-events-subscribe-dropdown-content\"\n\t\t\t\t\t\t\taria-label=\"Links weergeven om evenementen aan je kalender toe te voegen\"\n\t\t\t\t\t\t>\n\t\t\t\t\t\t\tToevoegen aan kalender\t\t\t\t\t\t<\/button>\n\t\t\t\t\t\t<svg\n\t class=\"tribe-common-c-svgicon tribe-common-c-svgicon--caret-down tribe-events-c-subscribe-dropdown__button-icon\" \taria-hidden=\"true\"\n\tviewBox=\"0 0 10 7\"\n\txmlns=\"http:\/\/www.w3.org\/2000\/svg\"\n>\n\t<path fill-rule=\"evenodd\" clip-rule=\"evenodd\" d=\"M1.008.609L5 4.6 8.992.61l.958.958L5 6.517.05 1.566l.958-.958z\" class=\"tribe-common-c-svgicon__svg-fill\"\/>\n<\/svg>\n\t\t\t\t\t<\/div>\n\t\t\t\t\t<div id=\"tribe-events-subscribe-dropdown-content\" class=\"tribe-events-c-subscribe-dropdown__content\">\n\t\t\t\t\t\t<ul class=\"tribe-events-c-subscribe-dropdown__list\">\n\t\t\t\t\t\t\t\t\t\t\t\t\t\t\t<li class=\"tribe-events-c-subscribe-dropdown__list-item tribe-events-c-subscribe-dropdown__list-item--gcal\">\n\t\t\t\t\t\t\t\t\t<a\n\t\t\t\t\t\t\t\t\t\thref=\"https:\/\/www.google.com\/calendar\/event?action=TEMPLATE&#038;dates=20250624T090000\/20250624T123000&#038;text=S%C3%A9minaire%20soutien%20%C3%A0%20la%20parentalit%C3%A9&#038;details=%3Cp%3E%3Cstrong%3ELa+participation+des+parents+%3A+comment+tisser+des+liens+durables+%3F%3C%2Fstrong%3E%3Cbr+%2F%3ELa+Maison+des+Parents+est+situ%C3%A9e+dans+le+quartier+nord+de+Schaerbeek+%28pr%C3%A8s+de+la+gare%29+o%C3%B9%2C+comme+vous+le+savez%2C+les+probl%C3%A9matiques+socio-sanitaires+sont+nombreuses+et+importantes.+Il+n%E2%80%99est+pas+toujours+%C3%A9vident%2C+pour+de+multiples+raisons%2C+pour+les+parents+du+quartier+d%E2%80%99acc%C3%A9der+aux+activit%C3%A9s+qui+leur+sont+propos%C3%A9es.+Certaines+d%E2%80%99entre+elles+demandent+parfois%2C+dans+leur+mise+en+%C5%93uvre%2C+un+certain+engagement+des+parents+qui+peut+mettre+en+tension+leur+capacit%C3%A9+d%E2%80%99agir.%3C%2Fp%3E+%3Cp%3EFaciliter+l%E2%80%99acc%C3%A8s%2C+am%C3%A9liorer+la+qualit%C3%A9+de+l%E2%80%99accueil%2C+sortir+de+nos+murs%2C+innover+dans+nos+pratiques+et+nos+partenariats%2C+proposer+des+conditions+d%E2%80%99implication+qui+correspondent+aux+r%C3%A9alit%C3%A9s+des+parents%2C+leur+donner+une+place+dans+l%E2%80%99%C3%A9laboration+des+projets+%E2%80%A6+sont+autant+de+questions+que+nous+souhaitons+partager+et+travailler+avec+vous+lors+de+ce+s%C3%A9minaire.%3C%2Fp%3E+%3Cp%3EComme+%C3%A0+chaque+fois%3C%2Fp%3E+%28Bekijk+de+volledige+evenement+beschrijving+hier%3A+https%3A%2F%2Fbuurtinfoquartier.be%2Fnl%2Fagenda%2Fseminaire-soutien-a-la-parentalite%2F%29&#038;location=Rue%20Dupont%2020,%20Bruxelles&#038;trp=false&#038;ctz=Europe\/Brussels&#038;sprop=website:https:\/\/buurtinfoquartier.be\/nl\/\"\n\t\t\t\t\t\t\t\t\t\tclass=\"tribe-events-c-subscribe-dropdown__list-item-link\"\n\t\t\t\t\t\t\t\t\t\ttarget=\"_blank\"\n\t\t\t\t\t\t\t\t\t\trel=\"noopener noreferrer nofollow noindex\"\n\t\t\t\t\t\t\t\t\t>\n\t\t\t\t\t\t\t\t\t\tGoogle Calendar\t\t\t\t\t\t\t\t\t<\/a>\n\t\t\t\t\t\t\t\t<\/li>\n\t\t\t\t\t\t\t\t\t\t\t\t\t\t\t<li class=\"tribe-events-c-subscribe-dropdown__list-item tribe-events-c-subscribe-dropdown__list-item--ical\">\n\t\t\t\t\t\t\t\t\t<a\n\t\t\t\t\t\t\t\t\t\thref=\"\"\n\t\t\t\t\t\t\t\t\t\tclass=\"tribe-events-c-subscribe-dropdown__list-item-link\"\n\t\t\t\t\t\t\t\t\t\ttarget=\"_blank\"\n\t\t\t\t\t\t\t\t\t\trel=\"noopener noreferrer nofollow noindex\"\n\t\t\t\t\t\t\t\t\t>\n\t\t\t\t\t\t\t\t\t\tiCalendar\t\t\t\t\t\t\t\t\t<\/a>\n\t\t\t\t\t\t\t\t<\/li>\n\t\t\t\t\t\t\t\t\t\t\t\t\t\t\t<li class=\"tribe-events-c-subscribe-dropdown__list-item tribe-events-c-subscribe-dropdown__list-item--outlook-365\">\n\t\t\t\t\t\t\t\t\t<a\n\t\t\t\t\t\t\t\t\t\thref=\"\"\n\t\t\t\t\t\t\t\t\t\tclass=\"tribe-events-c-subscribe-dropdown__list-item-link\"\n\t\t\t\t\t\t\t\t\t\ttarget=\"_blank\"\n\t\t\t\t\t\t\t\t\t\trel=\"noopener noreferrer nofollow noindex\"\n\t\t\t\t\t\t\t\t\t>\n\t\t\t\t\t\t\t\t\t\tOutlook 365\t\t\t\t\t\t\t\t\t<\/a>\n\t\t\t\t\t\t\t\t<\/li>\n\t\t\t\t\t\t\t\t\t\t\t\t\t\t\t<li class=\"tribe-events-c-subscribe-dropdown__list-item tribe-events-c-subscribe-dropdown__list-item--outlook-live\">\n\t\t\t\t\t\t\t\t\t<a\n\t\t\t\t\t\t\t\t\t\thref=\"\"\n\t\t\t\t\t\t\t\t\t\tclass=\"tribe-events-c-subscribe-dropdown__list-item-link\"\n\t\t\t\t\t\t\t\t\t\ttarget=\"_blank\"\n\t\t\t\t\t\t\t\t\t\trel=\"noopener noreferrer nofollow noindex\"\n\t\t\t\t\t\t\t\t\t>\n\t\t\t\t\t\t\t\t\t\tOutlook Live\t\t\t\t\t\t\t\t\t<\/a>\n\t\t\t\t\t\t\t\t<\/li>\n\t\t\t\t\t\t\t\t\t\t\t\t\t<\/ul>\n\t\t\t\t\t<\/div>\n\t\t\t\t<\/div>\n\t\t\t<\/div>\n\t\t<\/div>\n\t<\/div>\n\n\n\n","protected":false},"excerpt":{"rendered":"<p>La participation des parents : comment tisser des liens durables ?La Maison des Parents est situ\u00e9e dans le quartier nord de Schaerbeek (pr\u00e8s de la gare) o\u00f9, comme vous le [&hellip;]<\/p>\n","protected":false},"author":10,"featured_media":0,"template":"","meta":{"_tec_requires_first_save":false,"_monsterinsights_skip_tracking":false,"_monsterinsights_sitenote_active":false,"_monsterinsights_sitenote_note":"","_monsterinsights_sitenote_category":0,"_EventAllDay":false,"_EventTimezone":"Europe\/Brussels","_EventStartDate":"2025-06-24 09:00:00","_EventEndDate":"2025-06-24 12:30:00","_EventStartDateUTC":"2025-06-24 07:00:00","_EventEndDateUTC":"2025-06-24 10:30:00","_EventShowMap":false,"_EventShowMapLink":false,"_EventURL":"","_EventCost":"Free","_EventCostDescription":"","_EventCurrencySymbol":"\u20ac","_EventCurrencyCode":"EUR","_EventCurrencyPosition":"suffix","_EventDateTimeSeparator":" @ ","_EventTimeRangeSeparator":" - ","_EventOrganizerID":[2924],"_EventVenueID":[2925],"_OrganizerEmail":"","_OrganizerPhone":"","_OrganizerWebsite":"","_VenueAddress":"","_VenueCity":"","_VenueCountry":"","_VenueProvince":"","_VenueState":"","_VenueZip":"","_VenuePhone":"","_VenueURL":"","_VenueStateProvince":"","_VenueLat":"","_VenueLng":"","_VenueShowMap":false,"_VenueShowMapLink":false,"_tribe_blocks_recurrence_rules":"","_tribe_blocks_recurrence_description":"","_tribe_blocks_recurrence_exclusions":"","_tribe_events_status":"","_tribe_events_status_reason":"","_tribe_events_is_hybrid":"","_tribe_events_is_virtual":"","_tribe_events_virtual_video_source":"","_tribe_events_virtual_embed_video":"","_tribe_events_virtual_linked_button_text":"","_tribe_events_virtual_linked_button":"","_tribe_events_virtual_show_embed_at":"","_tribe_events_virtual_show_embed_to":[],"_tribe_events_virtual_show_on_event":"","_tribe_events_virtual_show_on_views":"","_tribe_events_virtual_url":"","footnotes":""},"tags":[],"tribe_events_cat":[],"class_list":["post-2921","tribe_events","type-tribe_events","status-publish","hentry"],"_links":{"self":[{"href":"https:\/\/buurtinfoquartier.be\/nl\/wp-json\/wp\/v2\/tribe_events\/2921","targetHints":{"allow":["GET"]}}],"collection":[{"href":"https:\/\/buurtinfoquartier.be\/nl\/wp-json\/wp\/v2\/tribe_events"}],"about":[{"href":"https:\/\/buurtinfoquartier.be\/nl\/wp-json\/wp\/v2\/types\/tribe_events"}],"author":[{"embeddable":true,"href":"https:\/\/buurtinfoquartier.be\/nl\/wp-json\/wp\/v2\/users\/10"}],"version-history":[{"count":3,"href":"https:\/\/buurtinfoquartier.be\/nl\/wp-json\/wp\/v2\/tribe_events\/2921\/revisions"}],"predecessor-version":[{"id":2929,"href":"https:\/\/buurtinfoquartier.be\/nl\/wp-json\/wp\/v2\/tribe_events\/2921\/revisions\/2929"}],"wp:attachment":[{"href":"https:\/\/buurtinfoquartier.be\/nl\/wp-json\/wp\/v2\/media?parent=2921"}],"wp:term":[{"taxonomy":"post_tag","embeddable":true,"href":"https:\/\/buurtinfoquartier.be\/nl\/wp-json\/wp\/v2\/tags?post=2921"},{"taxonomy":"tribe_events_cat","embeddable":true,"href":"https:\/\/buurtinfoquartier.be\/nl\/wp-json\/wp\/v2\/tribe_events_cat?post=2921"}],"curies":[{"name":"wp","href":"https:\/\/api.w.org\/{rel}","templated":true}]}}