{"id":2559,"date":"2025-01-10T15:58:27","date_gmt":"2025-01-10T14:58:27","guid":{"rendered":"https:\/\/buurtinfoquartier.be\/?post_type=tribe_events&#038;p=2559"},"modified":"2025-01-30T11:57:24","modified_gmt":"2025-01-30T10:57:24","slug":"josee-viert-fete-2025","status":"publish","type":"tribe_events","link":"https:\/\/buurtinfoquartier.be\/nl\/agenda\/josee-viert-fete-2025\/","title":{"rendered":"JOS\u00c9E VIERT\/F\u00caTE 2025"},"content":{"rendered":"<div  class=\"tribe-events-schedule tribe-clearfix\" >\n\t<p class=\"tribe-events-schedule__datetime\">\n\t\t<span class=\"tribe-events-schedule__date tribe-events-schedule__date--start\">\n\t\t\t17 jan 2025\t\t<\/span>\n\n\t\t\t\t\t<span class=\"tribe-events-schedule__separator tribe-events-schedule__separator--date\">\n\t\t\t\t @ \t\t\t<\/span>\n\t\t\t<span class=\"tribe-events-schedule__time tribe-events-schedule__time--start\">\n\t\t\t\t16:00\t\t\t<\/span>\n\t\t\n\t\t\t\t\t\t\t\t\t<span class=\"tribe-events-schedule__separator tribe-events-schedule__separator--time\">\n\t\t\t\t\t &#8211; \t\t\t\t<\/span>\n\t\t\t\n\t\t\t\t\t\t\t<span class=\"tribe-events-schedule__time tribe-events-schedule__time--end\">\n\t\t\t\t\t22:00\t\t\t\t<\/span>\n\t\t\t\n\t\t\t\t\t\t<\/p>\n<\/div>\n\n\r<div class=\"tribe-events-event-image\"><img loading=\"lazy\" decoding=\"async\" width=\"1224\" height=\"690\" src=\"https:\/\/buurtinfoquartier.be\/wp-content\/uploads\/2025\/01\/josee.webp\" class=\"attachment-full size-full wp-post-image\" alt=\"\" srcset=\"https:\/\/buurtinfoquartier.be\/wp-content\/uploads\/2025\/01\/josee.webp 1224w, https:\/\/buurtinfoquartier.be\/wp-content\/uploads\/2025\/01\/josee-600x338.webp 600w, https:\/\/buurtinfoquartier.be\/wp-content\/uploads\/2025\/01\/josee-1024x577.webp 1024w, https:\/\/buurtinfoquartier.be\/wp-content\/uploads\/2025\/01\/josee-768x433.webp 768w\" sizes=\"auto, (max-width: 1224px) 100vw, 1224px\" \/><\/div>\n\r\n\rVenez c\u00e9l\u00e9brer la nouvelle ann\u00e9e avec Jos\u00e9e. Bienvenue \u00e0 TRACK (\u00e0 la gare du Nord) \u00e0 partir de 16h pour des animations pour petits et grands, \u00e0 manger et \u00e0 boire, des v\u0153ux pour la nouvelle ann\u00e9e et un concert de danse par Girucu \u00e0 19h30. Soyez au rendez-vous !\r\n<p id=\"viewer-egcs4113\" class=\"_48tL5 i1-1t NFk-9 LzgXi\" dir=\"auto\"><span class=\"E-T7K\"><strong>BAR<\/strong><\/span><\/p>\r\n<p id=\"viewer-fsyu2118\" class=\"_48tL5 i1-1t NFk-9 LzgXi\" dir=\"auto\"><span class=\"E-T7K\">gratis<em>\u00a0<\/em>soep &amp;<em>\u00a0<\/em>pita <em>&#8211; soupe &amp; pita gratuit<\/em><\/span><\/p>\r\n<p id=\"viewer-4gihf127\" class=\"_48tL5 i1-1t NFk-9 LzgXi\" dir=\"auto\"><span class=\"E-T7K\"><strong>16:00 \u00b7 19:30\u00a0<\/strong><\/span><\/p>\r\n<p id=\"viewer-cu6xj129\" class=\"_48tL5 i1-1t NFk-9 LzgXi\" dir=\"auto\"><span class=\"E-T7K\">cr\u00e9a atelier &#8211; <strong>ORIGAMI <\/strong>&#8211; John K. Magic <strong>GOOCHELAAR <\/strong>&#8211; speelhoek<\/span><\/p>\r\n<p id=\"viewer-gaz6l135\" class=\"_48tL5 i1-1t NFk-9 LzgXi\" dir=\"auto\"><span class=\"E-T7K\">performance kapper <strong>Coup\u00e9 en frite &#8211; gaming <\/strong>corner &#8211; smoothie workshop<\/span><\/p>\n\r\n\r\t<div  class=\"tribe-block tribe-block__events-link\" >\n\t\t<div class=\"tribe-events tribe-common\">\n\t\t\t<div class=\"tribe-events-c-subscribe-dropdown__container\">\n\t\t\t\t<div class=\"tribe-events-c-subscribe-dropdown\">\n\t\t\t\t\t<div class=\"tribe-common-c-btn-border tribe-events-c-subscribe-dropdown__button\">\n\t\t\t\t\t\t<svg\n\t class=\"tribe-common-c-svgicon tribe-common-c-svgicon--cal-export tribe-events-c-subscribe-dropdown__export-icon\" \taria-hidden=\"true\"\n\tviewBox=\"0 0 23 17\"\n\txmlns=\"http:\/\/www.w3.org\/2000\/svg\"\n>\n\t<path fill-rule=\"evenodd\" clip-rule=\"evenodd\" d=\"M.128.896V16.13c0 .211.145.383.323.383h15.354c.179 0 .323-.172.323-.383V.896c0-.212-.144-.383-.323-.383H.451C.273.513.128.684.128.896Zm16 6.742h-.901V4.679H1.009v10.729h14.218v-3.336h.901V7.638ZM1.01 1.614h14.218v2.058H1.009V1.614Z\" \/>\n\t<path d=\"M20.5 9.846H8.312M18.524 6.953l2.89 2.909-2.855 2.855\" stroke-width=\"1.2\" stroke-linecap=\"round\" stroke-linejoin=\"round\"\/>\n<\/svg>\n\t\t\t\t\t\t<button\n\t\t\t\t\t\t\tclass=\"tribe-events-c-subscribe-dropdown__button-text\"\n\t\t\t\t\t\t\taria-expanded=\"false\"\n\t\t\t\t\t\t\taria-controls=\"tribe-events-subscribe-dropdown-content\"\n\t\t\t\t\t\t\taria-label=\"Links weergeven om evenementen aan je kalender toe te voegen\"\n\t\t\t\t\t\t>\n\t\t\t\t\t\t\tToevoegen aan kalender\t\t\t\t\t\t<\/button>\n\t\t\t\t\t\t<svg\n\t class=\"tribe-common-c-svgicon tribe-common-c-svgicon--caret-down tribe-events-c-subscribe-dropdown__button-icon\" \taria-hidden=\"true\"\n\tviewBox=\"0 0 10 7\"\n\txmlns=\"http:\/\/www.w3.org\/2000\/svg\"\n>\n\t<path fill-rule=\"evenodd\" clip-rule=\"evenodd\" d=\"M1.008.609L5 4.6 8.992.61l.958.958L5 6.517.05 1.566l.958-.958z\" class=\"tribe-common-c-svgicon__svg-fill\"\/>\n<\/svg>\n\t\t\t\t\t<\/div>\n\t\t\t\t\t<div id=\"tribe-events-subscribe-dropdown-content\" class=\"tribe-events-c-subscribe-dropdown__content\">\n\t\t\t\t\t\t<ul class=\"tribe-events-c-subscribe-dropdown__list\">\n\t\t\t\t\t\t\t\t\t\t\t\t\t\t\t<li class=\"tribe-events-c-subscribe-dropdown__list-item tribe-events-c-subscribe-dropdown__list-item--gcal\">\n\t\t\t\t\t\t\t\t\t<a\n\t\t\t\t\t\t\t\t\t\thref=\"https:\/\/www.google.com\/calendar\/event?action=TEMPLATE&#038;dates=20250117T160000\/20250117T220000&#038;text=JOS%C3%89E%20VIERT%2FF%C3%8ATE%202025&#038;details=Venez+c%C3%A9l%C3%A9brer+la+nouvelle+ann%C3%A9e+avec+Jos%C3%A9e.+Bienvenue+%C3%A0+TRACK+%28%C3%A0+la+gare+du+Nord%29+%C3%A0+partir+de+16h+pour+des+animations+pour+petits+et+grands%2C+%C3%A0+manger+et+%C3%A0+boire%2C+des+v%C5%93ux+pour+la+nouvelle+ann%C3%A9e+et+un+concert+de+danse+par+Girucu+%C3%A0+19h30.+Soyez+au+rendez-vous+%21%3Cp+id%3D%22viewer-egcs4113%22+class%3D%22_48tL5+i1-1t+NFk-9+LzgXi%22+dir%3D%22auto%22%3E%3Cspan+class%3D%22E-T7K%22%3E%3Cstrong%3EBAR%3C%2Fstrong%3E%3C%2Fspan%3E%3C%2Fp%3E+%3Cp+id%3D%22viewer-fsyu2118%22+class%3D%22_48tL5+i1-1t+NFk-9+LzgXi%22+dir%3D%22auto%22%3E%3Cspan+class%3D%22E-T7K%22%3Egratis%3Cem%3E%C2%A0%3C%2Fem%3Esoep+%26amp%3B%3Cem%3E%C2%A0%3C%2Fem%3Epita+%3Cem%3E-+soupe+%26amp%3B+pita+gratuit%3C%2Fem%3E%3C%2Fspan%3E%3C%2Fp%3E+%3Cp+id%3D%22viewer-4gihf127%22+class%3D%22_48tL5+i1-1t+NFk-9+LzgXi%22+dir%3D%22auto%22%3E%3Cspan+class%3D%22E-T7K%22%3E%3Cstrong%3E16%3A00+%C2%B7+19%3A30%C2%A0%3C%2Fstrong%3E%3C%2Fspan%3E%3C%2Fp%3E+%3Cp+id%3D%22viewer-cu6xj129%22+class%3D%22_48tL5+i1-1t+NFk-9+LzgXi%22+dir%3D%22auto%22%3E%3Cspan+class%3D%22E-T7K%22%3Ecr%C3%A9a+atelier+-+%3Cstrong%3EORIGAMI+%3C%2Fstrong%3E-+John+K.+Magic+%3Cstrong%3EGOOCHELAAR+%3C%2Fstrong%3E-+speelhoek%3C%2Fspan%3E%3C%2Fp%3E+%3Cp+id%3D%22viewer-gaz6l135%22+class%3D%22_48tL5+i1-1t+NFk-9+LzgXi%22+dir%3D%22auto%22%3E%3Cspan+class%3D%22%3C%2Fp%3E+%28Bekijk+de+volledige+evenement+beschrijving+hier%3A+https%3A%2F%2Fbuurtinfoquartier.be%2Fnl%2Fagenda%2Fjosee-viert-fete-2025%2F%29&#038;location=gare%20du%20nord,%20rue%20du%20progr\u00e8s,%20schaerbeek,%20Belgique&#038;trp=false&#038;ctz=Europe\/Brussels&#038;sprop=website:https:\/\/buurtinfoquartier.be\/nl\/\"\n\t\t\t\t\t\t\t\t\t\tclass=\"tribe-events-c-subscribe-dropdown__list-item-link\"\n\t\t\t\t\t\t\t\t\t\ttarget=\"_blank\"\n\t\t\t\t\t\t\t\t\t\trel=\"noopener noreferrer nofollow noindex\"\n\t\t\t\t\t\t\t\t\t>\n\t\t\t\t\t\t\t\t\t\tGoogle Calendar\t\t\t\t\t\t\t\t\t<\/a>\n\t\t\t\t\t\t\t\t<\/li>\n\t\t\t\t\t\t\t\t\t\t\t\t\t\t\t<li class=\"tribe-events-c-subscribe-dropdown__list-item tribe-events-c-subscribe-dropdown__list-item--ical\">\n\t\t\t\t\t\t\t\t\t<a\n\t\t\t\t\t\t\t\t\t\thref=\"\"\n\t\t\t\t\t\t\t\t\t\tclass=\"tribe-events-c-subscribe-dropdown__list-item-link\"\n\t\t\t\t\t\t\t\t\t\ttarget=\"_blank\"\n\t\t\t\t\t\t\t\t\t\trel=\"noopener noreferrer nofollow noindex\"\n\t\t\t\t\t\t\t\t\t>\n\t\t\t\t\t\t\t\t\t\tiCalendar\t\t\t\t\t\t\t\t\t<\/a>\n\t\t\t\t\t\t\t\t<\/li>\n\t\t\t\t\t\t\t\t\t\t\t\t\t\t\t<li class=\"tribe-events-c-subscribe-dropdown__list-item tribe-events-c-subscribe-dropdown__list-item--outlook-365\">\n\t\t\t\t\t\t\t\t\t<a\n\t\t\t\t\t\t\t\t\t\thref=\"\"\n\t\t\t\t\t\t\t\t\t\tclass=\"tribe-events-c-subscribe-dropdown__list-item-link\"\n\t\t\t\t\t\t\t\t\t\ttarget=\"_blank\"\n\t\t\t\t\t\t\t\t\t\trel=\"noopener noreferrer nofollow noindex\"\n\t\t\t\t\t\t\t\t\t>\n\t\t\t\t\t\t\t\t\t\tOutlook 365\t\t\t\t\t\t\t\t\t<\/a>\n\t\t\t\t\t\t\t\t<\/li>\n\t\t\t\t\t\t\t\t\t\t\t\t\t\t\t<li class=\"tribe-events-c-subscribe-dropdown__list-item tribe-events-c-subscribe-dropdown__list-item--outlook-live\">\n\t\t\t\t\t\t\t\t\t<a\n\t\t\t\t\t\t\t\t\t\thref=\"\"\n\t\t\t\t\t\t\t\t\t\tclass=\"tribe-events-c-subscribe-dropdown__list-item-link\"\n\t\t\t\t\t\t\t\t\t\ttarget=\"_blank\"\n\t\t\t\t\t\t\t\t\t\trel=\"noopener noreferrer nofollow noindex\"\n\t\t\t\t\t\t\t\t\t>\n\t\t\t\t\t\t\t\t\t\tOutlook Live\t\t\t\t\t\t\t\t\t<\/a>\n\t\t\t\t\t\t\t\t<\/li>\n\t\t\t\t\t\t\t\t\t\t\t\t\t<\/ul>\n\t\t\t\t\t<\/div>\n\t\t\t\t<\/div>\n\t\t\t<\/div>\n\t\t<\/div>\n\t<\/div>\n\n\n\r<div  class=\"tribe-events-single-section tribe-events-event-meta primary tribe-clearfix\" >\n\t\n\t\n<div class=\"tribe-events-meta-group tribe-events-meta-group-details\">\n\t<h3 class=\"tribe-events-single-section-title\">\n\t\t\t\t\tGegevens\t\t\n\t<\/h3>\n\t<ul class=\"tribe-events-meta-list\">\n\n\t\t\n\t\t\t<li class=\"tribe-events-meta-item\">\n\t\t\t\t<span class=\"tribe-events-meta-label\">Datum:<\/span>\n\t\t\t\t<span class=\"tribe-events-meta-value\">\n\t\t\t\t\t<abbr class=\"tribe-events-abbr tribe-events-start-date published dtstart\" title=\"2025-01-17\"> 17 jan 2025 <\/abbr>\n\t\t\t\t<\/span>\n\t\t\t<\/li>\n\n\t\t\t<li class=\"tribe-events-meta-item\">\n\t\t\t\t<span class=\"tribe-events-meta-label\">Tijd:<\/span>\n\t\t\t\t<span class=\"tribe-events-meta-value\">\n\t\t\t\t\t<div class=\"tribe-events-abbr tribe-events-start-time published dtstart\" title=\"2025-01-17\">\n\t\t\t\t\t\t16:00 &#8211; 22:00\t\t\t\t\t\t\t\t\t\t\t<\/div>\n\t\t\t\t<\/span>\n\t\t\t<\/li>\n\n\t\t\n\t\t\n\t\t\n\t\t<li class=\"tribe-events-meta-item\"><span class=\"tribe-events-event-categories-label tribe-events-meta-label\">Evenement Categorie:<\/span> <span class=\"tribe-events-event-categories tribe-events-meta-value\"><a href=\"https:\/\/buurtinfoquartier.be\/nl\/agenda\/category\/evenements-et-festivites\/\" rel=\"tag\">Ev\u00e9nements et festivit\u00e9s<\/a><\/span><\/li>\n\t\t\n\t\t\n\t\t\t<li class=\"tribe-events-meta-item\">\n\t\t\t\t<span class=\"tribe-events-meta-label\">Site:<\/span>\n\t\t\t\t<span class=\"tribe-events-event-url tribe-events-meta-value\"> <a href=\"https:\/\/www.campingjosee.be\/event-details\/josee-viert-2025?lang=fr\" target=\"_self\" rel=\"external\">https:\/\/www.campingjosee.be\/event-details\/josee-viert-2025?lang=fr<\/a> <\/span>\n\t\t\t<\/li>\n\t\t\n\t\t\t<\/ul>\n<\/div>\n\t\n\t<\/div>\n\n\r<div  class=\"tribe-block tribe-block__venue tribe-clearfix tribe-block__venue--has-map\" >\n\t\n\t\n<div class=\"tribe-block__venue__meta\">\n\t<div class=\"tribe-block__venue__name\">\n\t\t<h3><a href=\"https:\/\/buurtinfoquartier.be\/locatie\/gare-du-nord\/\" title=\"gare du nord\">gare du nord<\/a><\/h3>\n\t<\/div>\n\n\t\n\t\t\t\t\t\t<address class=\"tribe-block__venue__address\">\n\t\t\t\t<span class=\"tribe-address\">\n\n<span class=\"tribe-street-address\">rue du progr\u00e8s<\/span>\n\t\n\t\t<br>\n\t\t<span class=\"tribe-locality\">schaerbeek<\/span><span class=\"tribe-delimiter\">,<\/span>\n\n\n\n\t<span class=\"tribe-country-name\">Belgique<\/span>\n\n<\/span>\n\n\t\t\t\t\t\t\t\t\t<a class=\"tribe-events-gmap\" href=\"https:\/\/maps.google.com\/maps?f=q&#038;source=s_q&#038;hl=en&#038;geocode=&#038;q=rue+du+progr%C3%A8s+schaerbeek+Belgique\" title=\"Klik om te bekijken op Google Maps\" target=\"_blank\" rel=\"noreferrer noopener\">+ Google Maps<\/a>\t\t\t\t\t\t\t<\/address>\n\t\t\n\t\t\n\t\t\t\n\t<\/div>\n\t\n<div class=\"tribe-block__venue__map\">\n\t<div id=\"tribe-events-gmap-0\" style=\"height: 256px; width: 310px\" aria-hidden=\"true\"><\/div><!-- #tribe-events-gmap- -->\n<\/div>\n\n\t<\/div>\n\n\r","protected":false},"excerpt":{"rendered":"<p>Venez c\u00e9l\u00e9brer la nouvelle ann\u00e9e avec Jos\u00e9e. Bienvenue \u00e0 TRACK (\u00e0 la gare du Nord) \u00e0 partir de 16h pour des animations pour petits et grands, \u00e0 manger et \u00e0 [&hellip;]<\/p>\n","protected":false},"author":11,"featured_media":2560,"template":"","meta":{"_tec_requires_first_save":false,"_monsterinsights_skip_tracking":false,"_monsterinsights_sitenote_active":false,"_monsterinsights_sitenote_note":"","_monsterinsights_sitenote_category":0,"_EventAllDay":false,"_EventTimezone":"Europe\/Brussels","_EventStartDate":"2025-01-17 16:00:00","_EventEndDate":"2025-01-17 22:00:00","_EventStartDateUTC":"2025-01-17 15:00:00","_EventEndDateUTC":"2025-01-17 21:00:00","_EventShowMap":true,"_EventShowMapLink":true,"_EventURL":"https:\/\/www.campingjosee.be\/event-details\/josee-viert-2025?lang=fr","_EventCost":"","_EventCostDescription":"","_EventCurrencySymbol":"\u20ac","_EventCurrencyCode":"EUR","_EventCurrencyPosition":"suffix","_EventDateTimeSeparator":"","_EventTimeRangeSeparator":"","_EventOrganizerID":[],"_EventVenueID":[2562],"_OrganizerEmail":"","_OrganizerPhone":"","_OrganizerWebsite":"","_VenueAddress":"","_VenueCity":"","_VenueCountry":"","_VenueProvince":"","_VenueState":"","_VenueZip":"","_VenuePhone":"","_VenueURL":"","_VenueStateProvince":"","_VenueLat":"","_VenueLng":"","_VenueShowMap":false,"_VenueShowMapLink":false,"_tribe_blocks_recurrence_rules":"","_tribe_blocks_recurrence_description":"","_tribe_blocks_recurrence_exclusions":"","_tribe_events_status":"","_tribe_events_status_reason":"","_tribe_events_is_hybrid":"","_tribe_events_is_virtual":"","_tribe_events_virtual_video_source":"","_tribe_events_virtual_embed_video":"","_tribe_events_virtual_linked_button_text":"","_tribe_events_virtual_linked_button":"","_tribe_events_virtual_show_embed_at":"","_tribe_events_virtual_show_embed_to":[],"_tribe_events_virtual_show_on_event":"","_tribe_events_virtual_show_on_views":"","_tribe_events_virtual_url":"","footnotes":""},"tags":[],"tribe_events_cat":[437],"class_list":["post-2559","tribe_events","type-tribe_events","status-publish","has-post-thumbnail","hentry","tribe_events_cat-evenements-et-festivites","cat_evenements-et-festivites"],"_links":{"self":[{"href":"https:\/\/buurtinfoquartier.be\/nl\/wp-json\/wp\/v2\/tribe_events\/2559","targetHints":{"allow":["GET"]}}],"collection":[{"href":"https:\/\/buurtinfoquartier.be\/nl\/wp-json\/wp\/v2\/tribe_events"}],"about":[{"href":"https:\/\/buurtinfoquartier.be\/nl\/wp-json\/wp\/v2\/types\/tribe_events"}],"author":[{"embeddable":true,"href":"https:\/\/buurtinfoquartier.be\/nl\/wp-json\/wp\/v2\/users\/11"}],"version-history":[{"count":3,"href":"https:\/\/buurtinfoquartier.be\/nl\/wp-json\/wp\/v2\/tribe_events\/2559\/revisions"}],"predecessor-version":[{"id":2567,"href":"https:\/\/buurtinfoquartier.be\/nl\/wp-json\/wp\/v2\/tribe_events\/2559\/revisions\/2567"}],"wp:featuredmedia":[{"embeddable":true,"href":"https:\/\/buurtinfoquartier.be\/nl\/wp-json\/wp\/v2\/media\/2560"}],"wp:attachment":[{"href":"https:\/\/buurtinfoquartier.be\/nl\/wp-json\/wp\/v2\/media?parent=2559"}],"wp:term":[{"taxonomy":"post_tag","embeddable":true,"href":"https:\/\/buurtinfoquartier.be\/nl\/wp-json\/wp\/v2\/tags?post=2559"},{"taxonomy":"tribe_events_cat","embeddable":true,"href":"https:\/\/buurtinfoquartier.be\/nl\/wp-json\/wp\/v2\/tribe_events_cat?post=2559"}],"curies":[{"name":"wp","href":"https:\/\/api.w.org\/{rel}","templated":true}]}}