{"id":2345,"date":"2024-10-03T15:20:58","date_gmt":"2024-10-03T13:20:58","guid":{"rendered":"https:\/\/buurtinfoquartier.be\/?post_type=tribe_events&#038;p=2345"},"modified":"2024-10-03T15:20:58","modified_gmt":"2024-10-03T13:20:58","slug":"inauguration-de-la-bulle-wasserette-place-de-la-reine","status":"publish","type":"tribe_events","link":"https:\/\/buurtinfoquartier.be\/nl\/agenda\/inauguration-de-la-bulle-wasserette-place-de-la-reine\/","title":{"rendered":"Inauguration de la bulle wasserette place de la reine"},"content":{"rendered":"<p><img loading=\"lazy\" decoding=\"async\" class=\"alignnone  wp-image-2339\" src=\"https:\/\/buurtinfoquartier.be\/wp-content\/uploads\/2024\/10\/logo-la-bulle-600x230.png\" alt=\"bulle wasserette mobile\" width=\"407\" height=\"156\" srcset=\"https:\/\/buurtinfoquartier.be\/wp-content\/uploads\/2024\/10\/logo-la-bulle-600x230.png 600w, https:\/\/buurtinfoquartier.be\/wp-content\/uploads\/2024\/10\/logo-la-bulle-1024x393.png 1024w, https:\/\/buurtinfoquartier.be\/wp-content\/uploads\/2024\/10\/logo-la-bulle-768x295.png 768w, https:\/\/buurtinfoquartier.be\/wp-content\/uploads\/2024\/10\/logo-la-bulle.png 1100w\" sizes=\"auto, (max-width: 407px) 100vw, 407px\" \/><\/p>\n<p>La place de la Reine \u00e0 Schaerbeek accueillera tous les mercredis, de 11h \u00e0 15h, une camionnette de l\u2019asbl Bulle Wasserette, \u00e9quip\u00e9e de machines \u00e0 laver et s\u00e9choirs.<\/p>\n<p>Concr\u00e8tement, l&#8217;asbl \u0153uvre \u00e0 faciliter l&#8217;acc\u00e8s \u00e0 l&#8217;hygi\u00e8ne, via un service gratuit de laverie mobile \u00e0 destination des personnes dans le besoin, sans distinction aucune. Ce service sanitaire et social de premi\u00e8re ligne s&#8217;adresse aux personnes en situation de grande pr\u00e9carit\u00e9, dans un souci de dignit\u00e9 individuelle. En plus d\u2019am\u00e9liorer l\u2019hygi\u00e8ne et donc les conditions de vie des b\u00e9n\u00e9ficiaires, l\u2019asbl lutte contre la pauvret\u00e9 et l\u2019exclusion sociale sous toutes ses formes. En effet, les permanences offrent aux usagers un moment de rencontre et d\u2019\u00e9change autour d\u2019un caf\u00e9, mais sont aussi l\u2019occasion d\u2019orienter ceux qui le souhaitent vers des services comp\u00e9tents en fonction de leurs besoins.<\/p>\n","protected":false},"excerpt":{"rendered":"<p>D\u00e8s le 16 octobre, vous retrouverez  la waserette mobile de Bulle tous les mercredi de 11h \u00e0 15h place de la reine<\/p>\n","protected":false},"author":15,"featured_media":2348,"template":"","meta":{"_tec_requires_first_save":false,"_monsterinsights_skip_tracking":false,"_monsterinsights_sitenote_active":false,"_monsterinsights_sitenote_note":"","_monsterinsights_sitenote_category":0,"_EventAllDay":false,"_EventTimezone":"Europe\/Brussels","_EventStartDate":"2024-10-16 11:00:00","_EventEndDate":"2024-10-16 15:00:00","_EventStartDateUTC":"2024-10-16 09:00:00","_EventEndDateUTC":"2024-10-16 13:00:00","_EventShowMap":true,"_EventShowMapLink":true,"_EventURL":"","_EventCost":"","_EventCostDescription":"","_EventCurrencySymbol":"\u20ac","_EventCurrencyCode":"EUR","_EventCurrencyPosition":"suffix","_EventDateTimeSeparator":"","_EventTimeRangeSeparator":"","_EventOrganizerID":[],"_EventVenueID":[],"_OrganizerEmail":"","_OrganizerPhone":"","_OrganizerWebsite":"","_VenueAddress":"","_VenueCity":"","_VenueCountry":"","_VenueProvince":"","_VenueState":"","_VenueZip":"","_VenuePhone":"","_VenueURL":"","_VenueStateProvince":"","_VenueLat":"","_VenueLng":"","_VenueShowMap":false,"_VenueShowMapLink":false,"_tribe_blocks_recurrence_rules":"","_tribe_blocks_recurrence_description":"","_tribe_blocks_recurrence_exclusions":"","_tribe_events_status":"","_tribe_events_status_reason":"","_tribe_events_is_hybrid":"","_tribe_events_is_virtual":"","_tribe_events_virtual_video_source":"","_tribe_events_virtual_embed_video":"","_tribe_events_virtual_linked_button_text":"","_tribe_events_virtual_linked_button":"","_tribe_events_virtual_show_embed_at":"","_tribe_events_virtual_show_embed_to":[],"_tribe_events_virtual_show_on_event":"","_tribe_events_virtual_show_on_views":"","_tribe_events_virtual_url":"","footnotes":""},"tags":[],"tribe_events_cat":[437],"class_list":["post-2345","tribe_events","type-tribe_events","status-publish","has-post-thumbnail","hentry","tribe_events_cat-evenements-et-festivites","cat_evenements-et-festivites"],"_links":{"self":[{"href":"https:\/\/buurtinfoquartier.be\/nl\/wp-json\/wp\/v2\/tribe_events\/2345","targetHints":{"allow":["GET"]}}],"collection":[{"href":"https:\/\/buurtinfoquartier.be\/nl\/wp-json\/wp\/v2\/tribe_events"}],"about":[{"href":"https:\/\/buurtinfoquartier.be\/nl\/wp-json\/wp\/v2\/types\/tribe_events"}],"author":[{"embeddable":true,"href":"https:\/\/buurtinfoquartier.be\/nl\/wp-json\/wp\/v2\/users\/15"}],"version-history":[{"count":1,"href":"https:\/\/buurtinfoquartier.be\/nl\/wp-json\/wp\/v2\/tribe_events\/2345\/revisions"}],"predecessor-version":[{"id":2350,"href":"https:\/\/buurtinfoquartier.be\/nl\/wp-json\/wp\/v2\/tribe_events\/2345\/revisions\/2350"}],"wp:featuredmedia":[{"embeddable":true,"href":"https:\/\/buurtinfoquartier.be\/nl\/wp-json\/wp\/v2\/media\/2348"}],"wp:attachment":[{"href":"https:\/\/buurtinfoquartier.be\/nl\/wp-json\/wp\/v2\/media?parent=2345"}],"wp:term":[{"taxonomy":"post_tag","embeddable":true,"href":"https:\/\/buurtinfoquartier.be\/nl\/wp-json\/wp\/v2\/tags?post=2345"},{"taxonomy":"tribe_events_cat","embeddable":true,"href":"https:\/\/buurtinfoquartier.be\/nl\/wp-json\/wp\/v2\/tribe_events_cat?post=2345"}],"curies":[{"name":"wp","href":"https:\/\/api.w.org\/{rel}","templated":true}]}}