{"id":10005796,"date":"2025-08-05T14:56:22","date_gmt":"2025-08-05T12:56:22","guid":{"rendered":"https:\/\/buurtinfoquartier.be\/?post_type=tribe_events&#038;p=3113"},"modified":"2025-09-01T17:37:35","modified_gmt":"2025-09-01T15:37:35","slug":"living-reine-rentree-festive-de-la-place-de-la-reine","status":"publish","type":"tribe_events","link":"https:\/\/buurtinfoquartier.be\/nl\/agenda\/living-reine-rentree-festive-de-la-place-de-la-reine\/2025-09-17\/","title":{"rendered":"Living Reine: Rentr\u00e9e festive de la Place de la Reine\u00a0!"},"content":{"rendered":"<div  class=\"tribe-events-schedule tribe-clearfix\" >\n\t<p class=\"tribe-events-schedule__datetime\">\n\t\t<span class=\"tribe-events-schedule__date tribe-events-schedule__date--start\">\n\t\t\t17 sep 2025\t\t<\/span>\n\n\t\t\t\t\t<span class=\"tribe-events-schedule__separator tribe-events-schedule__separator--date\">\n\t\t\t\t @ \t\t\t<\/span>\n\t\t\t<span class=\"tribe-events-schedule__time tribe-events-schedule__time--start\">\n\t\t\t\t12:00\t\t\t<\/span>\n\t\t\n\t\t\t\t\t\t\t\t\t<span class=\"tribe-events-schedule__separator tribe-events-schedule__separator--time\">\n\t\t\t\t\t &#8211; \t\t\t\t<\/span>\n\t\t\t\n\t\t\t\t\t\t\t<span class=\"tribe-events-schedule__time tribe-events-schedule__time--end\">\n\t\t\t\t\t18:00\t\t\t\t<\/span>\n\t\t\t\n\t\t\t\t\t\t<\/p>\n<\/div>\n\n\n\n<p>Apr\u00e8s les vacances d\u2019\u00e9t\u00e9, le&nbsp;Living&nbsp;Reine&nbsp;est de retour avec au programme de nombreuses activit\u00e9s gratuites&nbsp;: sport, musique et bien d\u2019autres ateliers artistiques. Deux jours de f\u00eate pour rassembler habitant\u00b7es et \u00e9tudiant\u00b7es du quartier.<\/p>\n\n\n\n<p>Un aper\u00e7u du programme&nbsp;:<\/p>\n\n\n\n<p>Village v\u00e9lo ????<\/p>\n\n\n\n<p>Fais r\u00e9parer ton v\u00e9lo????<\/p>\n\n\n\n<p>Trajet en Tuktuk ????<\/p>\n\n\n\n<p>Animations sportives ????<\/p>\n\n\n\n<p>Atelier s\u00e9rigraphie&nbsp;: apporte ton t-shirt????<\/p>\n\n\n\n<p>Concert Brussels Bayou Orchestra ????<\/p>\n\n\n\n<p>Ap\u00e9ro festif????<\/p>\n\n\n\n<p>Musique et concert ????<\/p>\n\n\n\n<p>Atelier de cr\u00e9ation de Marelle ????\ufe0f<\/p>\n\n\n\n<p>Toile participative ????\ufe0f<\/p>\n\n\n\n<p>Twister g\u00e9ant????????<\/p>\n\n\n\n<p>Stand RenovaS et Infobrabant.be ????????<\/p>\n\n\n\n<p><\/p>\n\n\n\n<p>On se voit l\u00e0-bas&nbsp;?<\/p>\n\n\n\n<p><\/p>\n\n\n\n<p>T\u00e9l\u00e9chargez le programme compl\u00e8t ici: <a href=\"https:\/\/www.renovas.be\/IMG\/pdf\/a3_livingreine_editionseptembre2025.pdf\">https:\/\/www.renovas.be\/IMG\/pdf\/a3_livingreine_editionseptembre2025.pdf<\/a><\/p>\n\n\n\n<p><\/p>\n\n\n\n<p>Cet \u00e9v\u00e8nement est organis\u00e9 par RenovaS dans le cadre du Contrat de R\u00e9novation Urbaine Brabant Nord Saint-Lazare (CRU) et soutenu par Bruxelles Mobilit\u00e9<\/p>\n\n\n<div  class=\"tribe-block tribe-block__event-price\" >\n\t\t<\/div>\n\n\n<div  class=\"tribe-block tribe-block__organizer__details tribe-clearfix\" >\n\t<div class=\"tribe-block__organizer__title\">\n\t\t<h3><a href=\"https:\/\/buurtinfoquartier.be\/organisator\/\" title=\"RenovaS\" target=\"_self\" rel=\"\">RenovaS<\/a><\/h3>\n\t<\/div>\n\t\t\t<\/div>\n\n\n<div  class=\"tribe-block tribe-block__venue tribe-clearfix\" >\n\t\n\t\n<div class=\"tribe-block__venue__meta\">\n\t<div class=\"tribe-block__venue__name\">\n\t\t<h3><a href=\"https:\/\/buurtinfoquartier.be\/locatie\/place-de-la-reine\/\" title=\"Place de la Reine\">Place de la Reine<\/a><\/h3>\n\t<\/div>\n\n\t\n\t\t\t\t\t\t<address class=\"tribe-block__venue__address\">\n\t\t\t\t<span class=\"tribe-address\">\n\n<span class=\"tribe-street-address\">Place de la Reine<\/span>\n\t\n\t\t<br>\n\t\t<span class=\"tribe-locality\">Schaerbeek<\/span><span class=\"tribe-delimiter\">,<\/span>\n\n\n\n\t<span class=\"tribe-country-name\">Belgique<\/span>\n\n<\/span>\n\n\t\t\t\t\t\t\t<\/address>\n\t\t\n\t\t\n\t\t\t\n\t<\/div>\n\t\n\t<\/div>\n\n\n<div  class=\"tribe-block tribe-block__event-website\" >\n\t<a\n\t\thref=\"http:\/\/instagram.com\/antennereine\"\n\t\ttarget=\"_self\"\n\t\t\t>\n\t\tInstagram\t<\/a>\n<\/div>\n\n\n\t<div  class=\"tribe-block tribe-block__events-link\" >\n\t\t<div class=\"tribe-events tribe-common\">\n\t\t\t<div class=\"tribe-events-c-subscribe-dropdown__container\">\n\t\t\t\t<div class=\"tribe-events-c-subscribe-dropdown\">\n\t\t\t\t\t<div class=\"tribe-common-c-btn-border tribe-events-c-subscribe-dropdown__button\">\n\t\t\t\t\t\t<svg\n\t class=\"tribe-common-c-svgicon tribe-common-c-svgicon--cal-export tribe-events-c-subscribe-dropdown__export-icon\" \taria-hidden=\"true\"\n\tviewBox=\"0 0 23 17\"\n\txmlns=\"http:\/\/www.w3.org\/2000\/svg\"\n>\n\t<path fill-rule=\"evenodd\" clip-rule=\"evenodd\" d=\"M.128.896V16.13c0 .211.145.383.323.383h15.354c.179 0 .323-.172.323-.383V.896c0-.212-.144-.383-.323-.383H.451C.273.513.128.684.128.896Zm16 6.742h-.901V4.679H1.009v10.729h14.218v-3.336h.901V7.638ZM1.01 1.614h14.218v2.058H1.009V1.614Z\" \/>\n\t<path d=\"M20.5 9.846H8.312M18.524 6.953l2.89 2.909-2.855 2.855\" stroke-width=\"1.2\" stroke-linecap=\"round\" stroke-linejoin=\"round\"\/>\n<\/svg>\n\t\t\t\t\t\t<button\n\t\t\t\t\t\t\tclass=\"tribe-events-c-subscribe-dropdown__button-text\"\n\t\t\t\t\t\t\taria-expanded=\"false\"\n\t\t\t\t\t\t\taria-controls=\"tribe-events-subscribe-dropdown-content\"\n\t\t\t\t\t\t\taria-label=\"Links weergeven om evenementen aan je kalender toe te voegen\"\n\t\t\t\t\t\t>\n\t\t\t\t\t\t\tToevoegen aan kalender\t\t\t\t\t\t<\/button>\n\t\t\t\t\t\t<svg\n\t class=\"tribe-common-c-svgicon tribe-common-c-svgicon--caret-down tribe-events-c-subscribe-dropdown__button-icon\" \taria-hidden=\"true\"\n\tviewBox=\"0 0 10 7\"\n\txmlns=\"http:\/\/www.w3.org\/2000\/svg\"\n>\n\t<path fill-rule=\"evenodd\" clip-rule=\"evenodd\" d=\"M1.008.609L5 4.6 8.992.61l.958.958L5 6.517.05 1.566l.958-.958z\" class=\"tribe-common-c-svgicon__svg-fill\"\/>\n<\/svg>\n\t\t\t\t\t<\/div>\n\t\t\t\t\t<div id=\"tribe-events-subscribe-dropdown-content\" class=\"tribe-events-c-subscribe-dropdown__content\">\n\t\t\t\t\t\t<ul class=\"tribe-events-c-subscribe-dropdown__list\">\n\t\t\t\t\t\t\t\t\t\t\t\t\t\t\t<li class=\"tribe-events-c-subscribe-dropdown__list-item tribe-events-c-subscribe-dropdown__list-item--gcal\">\n\t\t\t\t\t\t\t\t\t<a\n\t\t\t\t\t\t\t\t\t\thref=\"https:\/\/www.google.com\/calendar\/event?action=TEMPLATE&#038;dates=20250917T120000\/20250917T180000&#038;text=Living%20Reine%3A%20Rentr%C3%A9e%20festive%20de%20la%20Place%20de%20la%20Reine%C2%A0%21&#038;details=%3Cp%3EApr%C3%A8s+les+vacances+d%E2%80%99%C3%A9t%C3%A9%2C+le%26nbsp%3BLiving%26nbsp%3BReine%26nbsp%3Best+de+retour+avec+au+programme+de+nombreuses+activit%C3%A9s+gratuites%26nbsp%3B%3A+sport%2C+musique+et+bien+d%E2%80%99autres+ateliers+artistiques.+Deux+jours+de+f%C3%AAte+pour+rassembler+habitant%C2%B7es+et+%C3%A9tudiant%C2%B7es+du+quartier.%3C%2Fp%3E+%3Cp%3EUn+aper%C3%A7u+du+programme%26nbsp%3B%3A%3C%2Fp%3E+%3Cp%3EVillage+v%C3%A9lo+%3F%3F%3F%3F%3C%2Fp%3E+%3Cp%3EFais+r%C3%A9parer+ton+v%C3%A9lo%3F%3F%3F%3F%3C%2Fp%3E+%3Cp%3ETrajet+en+Tuktuk+%3F%3F%3F%3F%3C%2Fp%3E+%3Cp%3EAnimations+sportives+%3F%3F%3F%3F%3C%2Fp%3E+%3Cp%3EAtelier+s%C3%A9rigraphie%26nbsp%3B%3A+apporte+ton+t-shirt%3F%3F%3F%3F%3C%2Fp%3E+%3Cp%3EConcert+Brussels+Bayou+Orchestra+%3F%3F%3F%3F%3C%2Fp%3E+%3Cp%3EAp%C3%A9ro+festif%3F%3F%3F%3F%3C%2Fp%3E+%3Cp%3EMusique+et+concert+%3F%3F%3F%3F%3C%2Fp%3E+%3Cp%3EAtelier+de+cr%C3%A9ation+de+Marelle+%3F%3F%3F%3F%EF%B8%8F%3C%2Fp%3E+%3Cp%3EToile+participative+%3F%3F%3F%3F%EF%B8%8F%3C%2Fp%3E+%3Cp%3ETwister+g%C3%A9ant%3F%3F%3F%3F%3F%3F%3F%3F%3C%2Fp%3E+%3Cp%3EStand+RenovaS+et+Infobrabant.be+%3F%3F%3F%3F%3F%3F%3F%3F%3C%2Fp%3E+%3Cp%3E%3C%2Fp%3E+%3Cp%3EOn+se+voit+l%C3%A0-bas%26nbsp%3B%3F%3C%2Fp%3E+%3Cp%3E%3C%2Fp%3E+%3Cp%3ET%C3%A9l%C3%A9chargez+le+programme+compl%C3%A8t+ici%3A+%3Ca+href%3D%22https%3A%2F%2Fwww.renovas.be%2FIMG%2Fpdf%2Fa3_livingreine_editionseptembre20%3C%2Fp%3E+%28Bekijk+de+volledige+evenement+beschrijving+hier%3A+https%3A%2F%2Fbuurtinfoquartier.be%2Fnl%2Fagenda%2Fliving-reine-rentree-festive-de-la-place-de-la-reine%2F2025-09-17%2F%29&#038;location=Place%20de%20la%20Reine,%20Place%20de%20la%20Reine,%20Schaerbeek,%20Belgique&#038;trp=false&#038;ctz=Europe\/Brussels&#038;sprop=website:https:\/\/buurtinfoquartier.be\/nl\/\"\n\t\t\t\t\t\t\t\t\t\tclass=\"tribe-events-c-subscribe-dropdown__list-item-link\"\n\t\t\t\t\t\t\t\t\t\ttarget=\"_blank\"\n\t\t\t\t\t\t\t\t\t\trel=\"noopener noreferrer nofollow noindex\"\n\t\t\t\t\t\t\t\t\t>\n\t\t\t\t\t\t\t\t\t\tGoogle Calendar\t\t\t\t\t\t\t\t\t<\/a>\n\t\t\t\t\t\t\t\t<\/li>\n\t\t\t\t\t\t\t\t\t\t\t\t\t\t\t<li class=\"tribe-events-c-subscribe-dropdown__list-item tribe-events-c-subscribe-dropdown__list-item--ical\">\n\t\t\t\t\t\t\t\t\t<a\n\t\t\t\t\t\t\t\t\t\thref=\"\"\n\t\t\t\t\t\t\t\t\t\tclass=\"tribe-events-c-subscribe-dropdown__list-item-link\"\n\t\t\t\t\t\t\t\t\t\ttarget=\"_blank\"\n\t\t\t\t\t\t\t\t\t\trel=\"noopener noreferrer nofollow noindex\"\n\t\t\t\t\t\t\t\t\t>\n\t\t\t\t\t\t\t\t\t\tiCalendar\t\t\t\t\t\t\t\t\t<\/a>\n\t\t\t\t\t\t\t\t<\/li>\n\t\t\t\t\t\t\t\t\t\t\t\t\t\t\t<li class=\"tribe-events-c-subscribe-dropdown__list-item tribe-events-c-subscribe-dropdown__list-item--outlook-365\">\n\t\t\t\t\t\t\t\t\t<a\n\t\t\t\t\t\t\t\t\t\thref=\"\"\n\t\t\t\t\t\t\t\t\t\tclass=\"tribe-events-c-subscribe-dropdown__list-item-link\"\n\t\t\t\t\t\t\t\t\t\ttarget=\"_blank\"\n\t\t\t\t\t\t\t\t\t\trel=\"noopener noreferrer nofollow noindex\"\n\t\t\t\t\t\t\t\t\t>\n\t\t\t\t\t\t\t\t\t\tOutlook 365\t\t\t\t\t\t\t\t\t<\/a>\n\t\t\t\t\t\t\t\t<\/li>\n\t\t\t\t\t\t\t\t\t\t\t\t\t\t\t<li class=\"tribe-events-c-subscribe-dropdown__list-item tribe-events-c-subscribe-dropdown__list-item--outlook-live\">\n\t\t\t\t\t\t\t\t\t<a\n\t\t\t\t\t\t\t\t\t\thref=\"\"\n\t\t\t\t\t\t\t\t\t\tclass=\"tribe-events-c-subscribe-dropdown__list-item-link\"\n\t\t\t\t\t\t\t\t\t\ttarget=\"_blank\"\n\t\t\t\t\t\t\t\t\t\trel=\"noopener noreferrer nofollow noindex\"\n\t\t\t\t\t\t\t\t\t>\n\t\t\t\t\t\t\t\t\t\tOutlook Live\t\t\t\t\t\t\t\t\t<\/a>\n\t\t\t\t\t\t\t\t<\/li>\n\t\t\t\t\t\t\t\t\t\t\t\t\t<\/ul>\n\t\t\t\t\t<\/div>\n\t\t\t\t<\/div>\n\t\t\t<\/div>\n\t\t<\/div>\n\t<\/div>\n\n\n\n","protected":false},"excerpt":{"rendered":"<p>Apr\u00e8s les vacances d\u2019\u00e9t\u00e9, le&nbsp;Living&nbsp;Reine&nbsp;est de retour avec au programme de nombreuses activit\u00e9s gratuites&nbsp;: sport, musique et bien d\u2019autres ateliers artistiques. Deux jours de f\u00eate pour rassembler habitant\u00b7es et \u00e9tudiant\u00b7es [&hellip;]<\/p>\n","protected":false},"author":13,"featured_media":3123,"template":"","meta":{"_tec_requires_first_save":false,"_monsterinsights_skip_tracking":false,"_monsterinsights_sitenote_active":false,"_monsterinsights_sitenote_note":"","_monsterinsights_sitenote_category":0,"_EventAllDay":false,"_EventTimezone":"Europe\/Brussels","_EventStartDate":"2025-09-17 12:00:00","_EventEndDate":"2025-09-17 18:00:00","_EventStartDateUTC":"2025-09-17 10:00:00","_EventEndDateUTC":"2025-09-17 16:00:00","_EventShowMap":false,"_EventShowMapLink":false,"_EventURL":"instagram.com\/antennereine","_EventCost":"","_EventCostDescription":"","_EventCurrencySymbol":"\u20ac","_EventCurrencyCode":"EUR","_EventCurrencyPosition":"suffix","_EventDateTimeSeparator":" @ ","_EventTimeRangeSeparator":" - ","_EventOrganizerID":[],"_EventVenueID":[1137],"_OrganizerEmail":"","_OrganizerPhone":"","_OrganizerWebsite":"","_VenueAddress":"","_VenueCity":"","_VenueCountry":"","_VenueProvince":"","_VenueState":"","_VenueZip":"","_VenuePhone":"","_VenueURL":"","_VenueStateProvince":"","_VenueLat":"","_VenueLng":"","_VenueShowMap":false,"_VenueShowMapLink":false,"_tribe_blocks_recurrence_rules":"[{\"type\":\"single\",\"all_day\":false,\"multi_day\":false,\"start_date\":\"2025-08-24\",\"_start_date_input\":\"24 Aug 2025\",\"_start_date_obj\":\"2025-08-23T22:00:00.000Z\",\"start_time\":\"12:00:00\",\"_start_time_input\":\"12:00\",\"end_date\":\"2025-09-17\",\"_end_date_input\":\"17 Sep 2025\",\"_end_date_obj\":\"2025-09-16T22:00:00.000Z\",\"end_time\":\"18:00:00\",\"_end_time_input\":\"18:00\",\"between\":1,\"limit_type\":\"never\",\"limit\":10,\"_limit_date_input\":\"5 Ao\\u00fbt 2026\",\"_limit_date_obj\":null,\"days\":[3],\"week\":\"third\",\"day\":3,\"month\":[9],\"timezone\":\"Europe\/Brussels\",\"multi_day_span\":\"next_day\",\"isOffStart\":false}]","_tribe_blocks_recurrence_description":"","_tribe_blocks_recurrence_exclusions":"","_tribe_events_status":"","_tribe_events_status_reason":"","_tribe_events_is_hybrid":"","_tribe_events_is_virtual":"","_tribe_events_virtual_video_source":"","_tribe_events_virtual_embed_video":"","_tribe_events_virtual_linked_button_text":"","_tribe_events_virtual_linked_button":"","_tribe_events_virtual_show_embed_at":"","_tribe_events_virtual_show_embed_to":[],"_tribe_events_virtual_show_on_event":"","_tribe_events_virtual_show_on_views":"","_tribe_events_virtual_url":"","footnotes":""},"tags":[445],"tribe_events_cat":[437],"class_list":["post-10005796","tribe_events","type-tribe_events","status-publish","has-post-thumbnail","hentry","tag-tous","tribe_events_cat-evenements-et-festivites","cat_evenements-et-festivites","tribe-recurring-event","tribe-recurring-event-parent"],"_links":{"self":[{"href":"https:\/\/buurtinfoquartier.be\/nl\/wp-json\/wp\/v2\/tribe_events\/10005796","targetHints":{"allow":["GET"]}}],"collection":[{"href":"https:\/\/buurtinfoquartier.be\/nl\/wp-json\/wp\/v2\/tribe_events"}],"about":[{"href":"https:\/\/buurtinfoquartier.be\/nl\/wp-json\/wp\/v2\/types\/tribe_events"}],"author":[{"embeddable":true,"href":"https:\/\/buurtinfoquartier.be\/nl\/wp-json\/wp\/v2\/users\/13"}],"version-history":[{"count":0,"href":"https:\/\/buurtinfoquartier.be\/nl\/wp-json\/wp\/v2\/tribe_events\/10005796\/revisions"}],"wp:featuredmedia":[{"embeddable":true,"href":"https:\/\/buurtinfoquartier.be\/nl\/wp-json\/wp\/v2\/media\/3123"}],"wp:attachment":[{"href":"https:\/\/buurtinfoquartier.be\/nl\/wp-json\/wp\/v2\/media?parent=10005796"}],"wp:term":[{"taxonomy":"post_tag","embeddable":true,"href":"https:\/\/buurtinfoquartier.be\/nl\/wp-json\/wp\/v2\/tags?post=10005796"},{"taxonomy":"tribe_events_cat","embeddable":true,"href":"https:\/\/buurtinfoquartier.be\/nl\/wp-json\/wp\/v2\/tribe_events_cat?post=10005796"}],"curies":[{"name":"wp","href":"https:\/\/api.w.org\/{rel}","templated":true}]}}